{"id":1246,"date":"2018-06-20T13:54:53","date_gmt":"2018-06-20T16:54:53","guid":{"rendered":"https:\/\/planodesaudebr.com.br\/bradesco-saude\/?page_id=1246"},"modified":"2020-02-12T12:10:05","modified_gmt":"2020-02-12T15:10:05","slug":"bradesco-saude-belo-horizonte","status":"publish","type":"page","link":"https:\/\/planodesaudebr.com.br\/bradesco-saude\/bradesco-saude\/bradesco-saude-belo-horizonte\/","title":{"rendered":"Bradesco Sa\u00fade Belo Horizonte"},"content":{"rendered":"\n  <div class=\"banner has-hover\" id=\"banner-1628100843\">\n          <div class=\"banner-inner fill\">\n        <div class=\"banner-bg fill\" >\n            <div class=\"bg fill bg-fill \"><\/div>\n                        <div class=\"overlay\"><\/div>            \n                    <\/div>\n        <div class=\"banner-layers container\">\n            <div class=\"fill banner-link\"><\/div>            \n   <div id=\"text-box-201368675\" class=\"text-box banner-layer x50 md-x50 lg-x50 y10 md-y10 lg-y10 res-text\">\n                                <div class=\"text dark\">\n              \n              <div class=\"text-inner text-left\">\n                  \n<h1><span style=\"font-size: 95%;\">Bradesco Sa\u00fade Belo Horizonte<\/span><\/h1>\n<p><span style=\"font-size: 140%;\">O plano Bradesco Sa\u00fade Belo Horizonte empresarial pode ser contratado por todos que possui uma empresa CNPJ a partir de 3 pessoas sendo 1 titular e 2 dependentes.<\/span><\/p>\n<p><span style=\"font-size: 140%;\">Promo\u00e7\u00e3o Bradesco Sa\u00fade Empresarial, at\u00e9 50% de desconto na primeira mensalidade, Fale com um dos nossos corretores.<\/span><\/p>\n<a rel=\"noopener noreferrer\" href=\"https:\/\/planodesaudebr.com.br\/bradesco-saude\/orcamento\/\" target=\"_blank\" class=\"button primary reveal-icon\"  style=\"border-radius:8px;\">\n    <span>Solicitar or\u00e7amento<\/span>\n  <i class=\"icon-checkmark\" ><\/i><\/a>\n\n              <\/div>\n           <\/div>\n                            \n<style>\n#text-box-201368675 {\n  width: 60%;\n}\n#text-box-201368675 .text {\n  font-size: 100%;\n}\n@media (min-width:550px) {\n  #text-box-201368675 {\n    width: 100%;\n  }\n}\n<\/style>\n    <\/div>\n \n        <\/div>\n      <\/div>\n\n            \n<style>\n#banner-1628100843 {\n  padding-top: 450px;\n}\n#banner-1628100843 .bg.bg-loaded {\n  background-image: url(https:\/\/planodesaudebr.com.br\/bradesco-saude\/wp-content\/uploads\/2020\/01\/Belo-Horizonte-Bradesco-Sa\u00fade-1024x575.jpg);\n}\n#banner-1628100843 .overlay {\n  background-color: rgba(1, 1, 1, 0.55);\n}\n<\/style>\n  <\/div>\n\n\n\t<div id=\"gap-1094041359\" class=\"gap-element clearfix\" style=\"display:block; height:auto;\">\n\t\t\n<style>\n#gap-1094041359 {\n  padding-top: 30px;\n}\n<\/style>\n\t<\/div>\n\t\n<div class=\"row\"  id=\"row-90978874\">\n\n\t<div id=\"col-1276542845\" class=\"col small-12 large-12\"  >\n\t\t<div class=\"col-inner\"  >\n\t\t\t\n\t\t\t\n<div class=\"row\"  id=\"row-490454255\">\n\n\t<div id=\"col-366369877\" class=\"col small-12 large-12\"  >\n\t\t<div class=\"col-inner\"  >\n\t\t\t\n\t\t\t\n<h1><span style=\"color: #a60707;\">Bradesco Sa\u00fade Belo Horizonte<\/span><\/h1>\n<p>A maioria dos empres\u00e1rios j\u00e1 se conscientizou sobre a import\u00e2ncia de cuidar da sa\u00fade dos seus colaboradores. E escolher um bom plano de sa\u00fade empresarial \u00e9 um investimento imprescind\u00edvel. A Bradesco Sa\u00fade oferece o melhor custo ben\u00e9fico para todos as empresas que queiram contratar o plano de sa\u00fade para seus funcion\u00e1rios.<\/p>\n<p>Atuando na \u00e1rea de seguro-sa\u00fade desde 1984, a <a href=\"https:\/\/planodesaudebr.com.br\/bradesco-saude\/\" target=\"_blank\" rel=\"noopener noreferrer\">Bradesco Sa\u00fade<\/a> tornou-se l\u00edder no mercado\u00a0 \u00a0suplementar brasileiro devido \u00e0 aten\u00e7\u00e3o dada \u00e0s necessidades dos Benefici\u00e1rios e parceria com a Rede Referenciada.<\/p>\n\t\t<\/div>\n\t\t\t<\/div>\n\n\t\n<\/div>\n<div class=\"row\"  id=\"row-2111067880\">\n\n\t<div id=\"col-499882403\" class=\"col small-12 large-12\"  >\n\t\t<div class=\"col-inner\"  >\n\t\t\t\n\t\t\t\n<h2><span style=\"color: #a60707;\">Bradesco Sa\u00fade Belo Horizonte Referencia<\/span><\/h2>\n<p>Sin\u00f4nimo de qualidade, credibilidade, solidez e seguran\u00e7a, a Bradesco Sa\u00fade est\u00e1 presente em todo o territ\u00f3rio nacional, com produtos criados para atender ao segmento empresarial da melhor forma poss\u00edvel:<br \/><span style=\"color: #ed1c24;\"><strong><span style=\"color: #3366ff;\"><i class=\"fa fa-check-square-o \" ><\/i><\/span> <\/strong><\/span>Na diversidade dos produtos e nas op\u00e7\u00f5es de contrata\u00e7\u00e3o;<br \/><span style=\"color: #3366ff;\"><strong><i class=\"fa fa-check-square-o \" ><\/i> <\/strong><\/span>Na abrang\u00eancia da Rede Referenciada, composta por profissionais reconhecidos e centros de refer\u00eancia em todos os campos da medicina;<br \/><span style=\"color: #3366ff;\"><strong><i class=\"fa fa-check-square-o \" ><\/i> <\/strong><\/span>Na valoriza\u00e7\u00e3o do sistema de atendimento, por meio de constantes investimentos em informatiza\u00e7\u00e3o e treinamento de pessoal especializado;<br \/><span style=\"color: #3366ff;\"><strong><i class=\"fa fa-check-square-o \" ><\/i> <\/strong><\/span>Na tecnologia empregada em suas opera\u00e7\u00f5es.<\/p>\n\t\t<\/div>\n\t\t\t<\/div>\n\n\t\n<\/div>\n<div class=\"row\"  id=\"row-1471227219\">\n\n\t<div id=\"col-406508617\" class=\"col small-12 large-12\"  >\n\t\t<div class=\"col-inner\"  >\n\t\t\t\n\t\t\t\n<h2><span style=\"color: #a60707;\">Modalidade de Contrata\u00e7\u00e3o Bradesco Sa\u00fade Belo Horizonte<\/span><\/h2>\n<p><strong><span style=\"color: #3366ff;\"><i class=\"fa fa-check-square-o \" ><\/i> <\/span>Compuls\u00f3ria: <\/strong>Inclus\u00e3o de todo o grupo segur\u00e1vel, desde que na totalidade do grupo ou subgrupo definido, e independente do tamanho do quadro funcional do Contratante. V\u00e1lida para os titulares e todos os seus dependentes.<\/p>\n<p><strong><span style=\"color: #3366ff;\"><i class=\"fa fa-check-square-o \" ><\/i> <\/span>Opcional: <\/strong>N\u00e3o h\u00e1 obrigatoriedade de inclus\u00e3o de todo o grupo segur\u00e1vel vinculado ao Contratante.<\/p>\n\t\t<\/div>\n\t\t\t<\/div>\n\n\t\n<\/div>\n<div class=\"row\"  id=\"row-399006905\">\n\n\t<div id=\"col-14224332\" class=\"col small-12 large-12\"  >\n\t\t<div class=\"col-inner\"  >\n\t\t\t\n\t\t\t\n<div class=\"row\"  id=\"row-1162275127\">\n\n\t<div id=\"col-1615774795\" class=\"col small-12 large-12\"  >\n\t\t<div class=\"col-inner\"  >\n\t\t\t\n\t\t\t\n<h2><span style=\"color: #a60707;\">Quem Pode Contratar o Plano Bradesco Sa\u00fade ?<\/span><\/h2>\n<p>O plano empresarial pode ser contratado por todos que possui uma empresa CNPJ a partir de 3 pessoas sendo 1 titular e 2 dependentes. A Bradesco Sa\u00fade Disponibiliza uma ampla rede de consult\u00f3rios, cl\u00ednicas, laborat\u00f3rios e hospitais, al\u00e9m de possibilitar o reembolso das despesas m\u00e9dicas e hospitalares realizadas por prestadores de sua livre escolha.<\/p>\n<p>Com o melhor atendimento e os mais completos servi\u00e7os, o plano da Bradesco Sa\u00fade com CNPJ proporcionam a prote\u00e7\u00e3o e a tranquilidade que voc\u00ea deseja para a sua Fam\u00edlia ou funcion\u00e1rios da sua empresa.<\/p>\n<div class=\"row\"  id=\"row-1856220676\">\n\n\n\t<div id=\"col-764796556\" class=\"col small-12 large-12\"  >\n\t\t<div class=\"col-inner\"  >\n\t\t\t\n\t\t\t\n\n<div class=\"row\"  id=\"row-2119498787\">\n\n\n\t<div id=\"col-455377131\" class=\"col medium-3 small-6 large-3\"  >\n\t\t<div class=\"col-inner text-center box-shadow-3 box-shadow-4-hover\"  >\n\t\t\t\n\t\t\t\n\n<p><span style=\"font-size: 120%;\"><a href=\"https:\/\/planodesaudebr.com.br\/bradesco-saude\/plano\/individual\/\" target=\"_blank\" rel=\"noopener noreferrer\"><span style=\"color: #ed1c24;\"><i class=\"fa fa-user \" ><\/i><\/span><\/a><\/span><\/p>\n<p><span style=\"font-size: 120%;\"><a href=\"https:\/\/planodesaudebr.com.br\/bradesco-saude\/plano\/individual\/\" target=\"_blank\" rel=\"noopener noreferrer\">Para Voc\u00ea<\/a><\/span><\/p>\n\n\t\t<\/div>\n\t\t\n<style>\n#col-455377131 > .col-inner {\n  padding: 7px 7px 7px 7px;\n}\n<\/style>\n\t<\/div>\n\n\t\n\n\t<div id=\"col-2029339695\" class=\"col medium-3 small-6 large-3\"  >\n\t\t<div class=\"col-inner text-center box-shadow-3 box-shadow-4-hover\"  >\n\t\t\t\n\t\t\t\n\n<p><span style=\"font-size: 115%;\"><a href=\"https:\/\/planodesaudebr.com.br\/bradesco-saude\/bradesco-saude-familiar\/\" target=\"_blank\" rel=\"noopener noreferrer\"><span style=\"color: #ed1c24;\"><i class=\"fa fa-users \" ><\/i><\/span><\/a><\/span><\/p>\n<p><a href=\"https:\/\/planodesaudebr.com.br\/bradesco-saude\/bradesco-saude-familiar\/\" target=\"_blank\" rel=\"noopener noreferrer\"><span style=\"font-size: 115%;\">Para Fam\u00edlia<\/span><\/a><\/p>\n\n\t\t<\/div>\n\t\t\n<style>\n#col-2029339695 > .col-inner {\n  padding: 7px 7px 7px 7px;\n}\n<\/style>\n\t<\/div>\n\n\t\n\n\t<div id=\"col-1330389215\" class=\"col medium-3 small-6 large-3\"  >\n\t\t<div class=\"col-inner text-center box-shadow-3 box-shadow-4-hover\"  >\n\t\t\t\n\t\t\t\n\n<p><span style=\"font-size: 120%;\"><a href=\"https:\/\/planodesaudebr.com.br\/bradesco-saude\/bradesco-saude-mei\/\" target=\"_blank\" rel=\"noopener noreferrer\"><span style=\"color: #ed1c24;\"><i class=\"fa fa-university \" ><\/i><\/span><\/a><\/span><\/p>\n<p><span style=\"font-size: 120%;\"><a href=\"https:\/\/planodesaudebr.com.br\/bradesco-saude\/bradesco-saude-mei\/\" target=\"_blank\" rel=\"noopener noreferrer\">Para MEI<\/a><\/span><\/p>\n\n\t\t<\/div>\n\t\t\n<style>\n#col-1330389215 > .col-inner {\n  padding: 7px 7px 7px 7px;\n}\n<\/style>\n\t<\/div>\n\n\t\n\n\t<div id=\"col-1794962719\" class=\"col medium-3 small-6 large-3\"  >\n\t\t<div class=\"col-inner text-center box-shadow-3 box-shadow-4-hover\"  >\n\t\t\t\n\t\t\t\n\n<p><span style=\"font-size: 120%;\"><a href=\"https:\/\/planodesaudebr.com.br\/bradesco-saude\/plano-empresarial\/\" target=\"_blank\" rel=\"noopener noreferrer\"><span style=\"color: #ed1c24;\"><i class=\"fa fa-university \" ><\/i><\/span><\/a><\/span><\/p>\n<p><span style=\"font-size: 120%;\"><a href=\"https:\/\/planodesaudebr.com.br\/bradesco-saude\/plano-empresarial\/\" target=\"_blank\" rel=\"noopener noreferrer\">Para Empresa<\/a><\/span><\/p>\n\n\t\t<\/div>\n\t\t\n<style>\n#col-1794962719 > .col-inner {\n  padding: 7px 7px 7px 7px;\n}\n<\/style>\n\t<\/div>\n\n\t\n\n<\/div>\n\n\t\t<\/div>\n\t\t\n<style>\n#col-764796556 > .col-inner {\n  padding: 20px 20px 20px 20px;\n}\n<\/style>\n\t<\/div>\n\n\t\n\n<\/div>\n\t\t<\/div>\n\t\t\t<\/div>\n\n\t\n<\/div>\n<div class=\"row\"  id=\"row-611249552\">\n\n\t<div id=\"col-1164670645\" class=\"col medium-4 small-12 large-4\"  >\n\t\t<div class=\"col-inner\"  >\n\t\t\t\n\t\t\t\n\t<div class=\"img has-hover x md-x lg-x y md-y lg-y\" id=\"image_230743710\">\n\t\t\t\t\t\t\t\t<div class=\"img-inner image-zoom-long dark\" >\n\t\t\t<img loading=\"lazy\" decoding=\"async\" width=\"500\" height=\"306\" src=\"https:\/\/planodesaudebr.com.br\/bradesco-saude\/wp-content\/uploads\/2018\/06\/Bradesco-Sa\u00fade-individual-Ades\u00e3o.png\" class=\"attachment-large size-large\" alt=\"Bradesco Sa\u00fade individual Ades\u00e3o\" srcset=\"https:\/\/planodesaudebr.com.br\/bradesco-saude\/wp-content\/uploads\/2018\/06\/Bradesco-Sa\u00fade-individual-Ades\u00e3o.png 500w, https:\/\/planodesaudebr.com.br\/bradesco-saude\/wp-content\/uploads\/2018\/06\/Bradesco-Sa\u00fade-individual-Ades\u00e3o-300x184.png 300w\" sizes=\"auto, (max-width: 500px) 100vw, 500px\" \/>\t\t\t\t\t\t\n\t\t\t\t\t<\/div>\n\t\t\t\t\t\t\t\t\n<style>\n#image_230743710 {\n  width: 100%;\n}\n<\/style>\n\t<\/div>\n\t\n\t\t<\/div>\n\t\t\t<\/div>\n\n\t\n\n\t<div id=\"col-2044961545\" class=\"col medium-8 small-12 large-8\"  >\n\t\t<div class=\"col-inner\"  >\n\t\t\t\n\t\t\t\n<h3>Bradesco Sa\u00fade Individual Belo Horizonte<\/h3>\n<p><span style=\"font-size: 105%;\">Plano Bradesco Sa\u00fade Individual Possui um atendimento diferenciado, conforto e qualidade. Esse plano foi pensado para atender a quem procura por uma Rede Referenciada exclusiva, dispon\u00edvel em todas as regi\u00f5es do Brasil, pois conta com hospitais que s\u00e3o refer\u00eancia em servi\u00e7os de sa\u00fade no Pa\u00eds. Possui flexibilidade na escolha de padr\u00e3o de reembolso, que \u00e9 v\u00e1lido para atendimento no Brasil e no Exterior.<\/span><\/p>\n\t\t<\/div>\n\t\t\t<\/div>\n\n\t\n<\/div>\n<div class=\"row\"  id=\"row-1304563402\">\n\n\t<div id=\"col-1863734931\" class=\"col medium-4 small-12 large-4\"  >\n\t\t<div class=\"col-inner\"  >\n\t\t\t\n\t\t\t\n\t<div class=\"img has-hover x md-x lg-x y md-y lg-y\" id=\"image_1954879165\">\n\t\t\t\t\t\t\t\t<div class=\"img-inner image-zoom-long dark\" >\n\t\t\t<img loading=\"lazy\" decoding=\"async\" width=\"500\" height=\"306\" src=\"https:\/\/planodesaudebr.com.br\/bradesco-saude\/wp-content\/uploads\/2018\/06\/Bradesco-Sa\u00fade-familiar-ades\u00e3o.png\" class=\"attachment-large size-large\" alt=\"Bradesco Sa\u00fade familiar ades\u00e3o\" srcset=\"https:\/\/planodesaudebr.com.br\/bradesco-saude\/wp-content\/uploads\/2018\/06\/Bradesco-Sa\u00fade-familiar-ades\u00e3o.png 500w, https:\/\/planodesaudebr.com.br\/bradesco-saude\/wp-content\/uploads\/2018\/06\/Bradesco-Sa\u00fade-familiar-ades\u00e3o-300x184.png 300w\" sizes=\"auto, (max-width: 500px) 100vw, 500px\" \/>\t\t\t\t\t\t\n\t\t\t\t\t<\/div>\n\t\t\t\t\t\t\t\t\n<style>\n#image_1954879165 {\n  width: 100%;\n}\n<\/style>\n\t<\/div>\n\t\n\t\t<\/div>\n\t\t\t<\/div>\n\n\t\n\n\t<div id=\"col-1837385921\" class=\"col medium-8 small-12 large-8\"  >\n\t\t<div class=\"col-inner\"  >\n\t\t\t\n\t\t\t\n<h3>Bradesco Sa\u00fade Familiar Belo Horizonte<\/h3>\n<p><span style=\"font-size: 105%;\">Plano de Sa\u00fade Bradesco Familiar significado de Comodidade de atendimento em todas as regi\u00f5es do Brasil e as vantagens de uma ampla Rede de Referenciados. Um de seus principais benef\u00edcios \u00e9 o acesso \u00e0s diversas op\u00e7\u00f5es de padr\u00f5es de plano, que preveem diferentes m\u00faltiplos de reembolso para atendimentos realizados no Brasil e no Exterior.<\/span><\/p>\n\t\t<\/div>\n\t\t\t<\/div>\n\n\t\n\n\t<div id=\"col-303686701\" class=\"col medium-6 small-12 large-6\"  >\n\t\t<div class=\"col-inner\"  >\n\t\t\t\n\t\t\t\n\t<div class=\"img has-hover x md-x lg-x y md-y lg-y\" id=\"image_833586709\">\n\t\t\t\t\t\t\t\t<div class=\"img-inner image-zoom-long dark\" >\n\t\t\t\t\t\t\t\t\t\n\t\t\t\t\t<\/div>\n\t\t\t\t\t\t\t\t\n<style>\n#image_833586709 {\n  width: 100%;\n}\n<\/style>\n\t<\/div>\n\t\n\t\t<\/div>\n\t\t\t<\/div>\n\n\t\n<\/div>\n<div class=\"row\"  id=\"row-966948702\">\n\n\t<div id=\"col-384709757\" class=\"col medium-4 small-12 large-4\"  >\n\t\t<div class=\"col-inner\"  >\n\t\t\t\n\t\t\t\n\t<div class=\"img has-hover x md-x lg-x y md-y lg-y\" id=\"image_1322989063\">\n\t\t\t\t\t\t\t\t<div class=\"img-inner image-zoom-long dark\" >\n\t\t\t<img loading=\"lazy\" decoding=\"async\" width=\"500\" height=\"306\" src=\"https:\/\/planodesaudebr.com.br\/bradesco-saude\/wp-content\/uploads\/2018\/06\/Bradesco-Sa\u00fade-empresarial-2.png\" class=\"attachment-large size-large\" alt=\"Bradesco Sa\u00fade empresarial\" srcset=\"https:\/\/planodesaudebr.com.br\/bradesco-saude\/wp-content\/uploads\/2018\/06\/Bradesco-Sa\u00fade-empresarial-2.png 500w, https:\/\/planodesaudebr.com.br\/bradesco-saude\/wp-content\/uploads\/2018\/06\/Bradesco-Sa\u00fade-empresarial-2-300x184.png 300w\" sizes=\"auto, (max-width: 500px) 100vw, 500px\" \/>\t\t\t\t\t\t\n\t\t\t\t\t<\/div>\n\t\t\t\t\t\t\t\t\n<style>\n#image_1322989063 {\n  width: 100%;\n}\n<\/style>\n\t<\/div>\n\t\n\t\t<\/div>\n\t\t\t<\/div>\n\n\t\n\n\t<div id=\"col-1786830830\" class=\"col medium-8 small-12 large-8\"  >\n\t\t<div class=\"col-inner\"  >\n\t\t\t\n\t\t\t\n<h3>Bradesco Sa\u00fade Empresarial Belo Horizonte<\/h3>\n<p><span style=\"font-size: 105%;\">Atendimento diferenciado, conforto e qualidade. O plano Bradesco Sa\u00fade Empresarial foi pensado para atender a quem procura por uma Rede Referenciada exclusiva, dispon\u00edvel em todas as regi\u00f5es do Brasil, pois conta com hospitais que s\u00e3o refer\u00eancia em servi\u00e7os de sa\u00fade no Pa\u00eds. Possui flexibilidade na <\/span><span style=\"font-size: 105%;\">escolha de padr\u00e3o de reembolso, que \u00e9 v\u00e1lido para atendimento no Brasil e no Exterior.<\/span><\/p>\n\t\t<\/div>\n\t\t\t<\/div>\n\n\t\n<\/div>\n\t<div id=\"gap-500113511\" class=\"gap-element clearfix\" style=\"display:block; height:auto;\">\n\t\t\n<style>\n#gap-500113511 {\n  padding-top: 30px;\n}\n<\/style>\n\t<\/div>\n\t\n<h2><span style=\"color: #a60707;\">Categoria de Planos Bradesco Sa\u00fade Belo Horizonte<\/span><\/h2>\n<p>O valor da mensalidade do plano Bradesco Sa\u00fade inicial do seguro ser\u00e1 diretamente proporcional \u00e0 idade dos Benefici\u00e1rios inclu\u00eddos na ap\u00f3lice e categoria de plano escolhida. Durante a vig\u00eancia do seguro, esse valor estar\u00e1 sujeito a reajuste por mudan\u00e7a de faixa et\u00e1ria de cada Benefici\u00e1rio inclu\u00eddo na ap\u00f3lice, que incidir\u00e1 sobre o valor do pr\u00eamio imediatamente anterior.<\/p>\n<div class=\"row\"  id=\"row-1048538265\">\n\n\t<div id=\"col-1106582780\" class=\"col medium-3 small-6 large-3\"  >\n\t\t<div class=\"col-inner text-center box-shadow-2\"  >\n\t\t\t\n\t\t\t\n<p><a href=\"https:\/\/planodesaudebr.com.br\/bradesco-saude\/preferencial-plus\/\" target=\"_blank\" rel=\"noopener noreferrer\"><span style=\"font-size: 120%;\"><strong>Plano Preferencial Plus<\/strong><\/span><\/a><\/p>\n<p><a href=\"https:\/\/planodesaudebr.com.br\/bradesco-saude\/preferencial-plus\/\" target=\"_blank\" rel=\"noopener noreferrer\">Saiba Mais<\/a><\/p>\n\t\t<\/div>\n\t\t\n<style>\n#col-1106582780 > .col-inner {\n  padding: 7px 7px 7px 7px;\n}\n<\/style>\n\t<\/div>\n\n\t\n\n\t<div id=\"col-735279\" class=\"col medium-9 small-12 large-9\"  >\n\t\t<div class=\"col-inner\"  >\n\t\t\t\n\t\t\t\n<p>Esse plano \u00e9 ideal para quem deseja a tranquilidade de ser bem cuidado com a vantagem de ser exclusivo, plano diferenciado em todas as regi\u00f5es do Brasil. Com cuidados especiais que v\u00e3o al\u00e9m da sa\u00fade do Bene\ufb01ci\u00e1rio. Com uma exclusiva Rede que contempla hospitais que s\u00e3o refer\u00eancia em servi\u00e7os de sa\u00fade no Pa\u00eds. Com diversas op\u00e7\u00f5es de reembolso, para atendimentos no Brasil e no exterior, sendo respeitados os limites contratuais.<\/p>\n\t\t<\/div>\n\t\t\t<\/div>\n\n\t\n<\/div>\n<div class=\"row\"  id=\"row-541840990\">\n\n\t<div id=\"col-2124672115\" class=\"col medium-3 small-6 large-3\"  >\n\t\t<div class=\"col-inner text-center box-shadow-2\"  >\n\t\t\t\n\t\t\t\n<p><a href=\"https:\/\/planodesaudebr.com.br\/bradesco-saude\/nacional-flex\/\" target=\"_blank\" rel=\"noopener noreferrer\" data-wplink-edit=\"true\"><span style=\"font-size: 120%;\"><strong>Plano Nacional Flex<\/strong><\/span><\/a><\/p>\n<p><a href=\"_wp_link_placeholder\">Saiba Mais<\/a><\/p>\n\t\t<\/div>\n\t\t\n<style>\n#col-2124672115 > .col-inner {\n  padding: 7px 7px 7px 7px;\n}\n<\/style>\n\t<\/div>\n\n\t\n\n\t<div id=\"col-1941735884\" class=\"col medium-9 small-12 large-9\"  >\n\t\t<div class=\"col-inner\"  >\n\t\t\t\n\t\t\t\n<p>Oferece atendimento em todas as regi\u00f5es do Brasil, por meio de uma Rede Referenciada bem dimensionada e de custos mais competitivos em rela\u00e7\u00e3o \u00e0s demais redes de abrang\u00eancia nacional. Prev\u00ea reembolso em caso de atendimento no Brasil, sendo respeitados os limites contratuais. Pode ser conjugado com o Plano Dental Padr\u00e3o ou Dental Premium Top.<\/p>\n\t\t<\/div>\n\t\t\t<\/div>\n\n\t\n<\/div>\n<div class=\"row\"  id=\"row-1338938050\">\n\n\t<div id=\"col-511198495\" class=\"col medium-3 small-6 large-3\"  >\n\t\t<div class=\"col-inner text-center box-shadow-2\"  >\n\t\t\t\n\t\t\t\n<p><a href=\"https:\/\/planodesaudebr.com.br\/bradesco-saude\/plano-top-nacional\/\" target=\"_blank\" rel=\"noopener noreferrer\"><span style=\"font-size: 120%;\"><strong>Plano Nacional<\/strong><\/span><\/a><\/p>\n<p><a href=\"https:\/\/planodesaudebr.com.br\/bradesco-saude\/plano-top-nacional\/\" target=\"_blank\" rel=\"noopener noreferrer\">Saiba Mais<\/a><\/p>\n\t\t<\/div>\n\t\t\n<style>\n#col-511198495 > .col-inner {\n  padding: 7px 7px 7px 7px;\n}\n<\/style>\n\t<\/div>\n\n\t\n\n\t<div id=\"col-369679661\" class=\"col medium-9 small-12 large-9\"  >\n\t\t<div class=\"col-inner\"  >\n\t\t\t\n\t\t\t\n<p>Oferece toda a comodidade de atendimento em todas as regi\u00f5es do Brasil e as vantagens de uma ampla Rede de Referenciados. Um dos principais benef\u00edcios desse plano \u00e9 a op\u00e7\u00e3o de escolha do padr\u00e3o de reembolso, que est\u00e1 dispon\u00edvel para atendimentos no Brasil e no exterior, sendo respeitados os limites contratuais. Pode ser conjugado com o Plano Dental Padr\u00e3o ou Dental Premium Top.<\/p>\n\t\t<\/div>\n\t\t\t<\/div>\n\n\t\n<\/div>\n<div class=\"row\"  id=\"row-743950717\">\n\n\t<div id=\"col-446086802\" class=\"col medium-3 small-6 large-3\"  >\n\t\t<div class=\"col-inner text-center box-shadow-2\"  >\n\t\t\t\n\t\t\t\n<p><a href=\"https:\/\/planodesaudebr.com.br\/bradesco-saude\/nacional-plus\/\" target=\"_blank\" rel=\"noopener noreferrer\"><span style=\"font-size: 120%;\"><strong>Plano Nacional Plus<\/strong><\/span><\/a><\/p>\n<p><a href=\"https:\/\/planodesaudebr.com.br\/bradesco-saude\/nacional-plus\/\" target=\"_blank\" rel=\"noopener noreferrer\">Saiba Mais<\/a><\/p>\n\t\t<\/div>\n\t\t\n<style>\n#col-446086802 > .col-inner {\n  padding: 7px 7px 7px 7px;\n}\n<\/style>\n\t<\/div>\n\n\t\n\n\t<div id=\"col-2020018786\" class=\"col medium-9 small-12 large-9\"  >\n\t\t<div class=\"col-inner\"  >\n\t\t\t\n\t\t\t\n<p>Com atendimento em todas as regi\u00f5es do Brasil, conta com uma ampla Rede Referenciada, que contempla hospitais que s\u00e3o refer\u00eancia em servi\u00e7os de sa\u00fade no Pa\u00eds. Possui \ufb02exibilidade na escolha do padr\u00e3o de reembolso, que \u00e9 v\u00e1lido para atendimento no Brasil e no exterior, sendo respeitados os limites contratuais. Pode ser conjugado com o Plano Dental Padr\u00e3o ou Dental Premium Top.<\/p>\n\t\t<\/div>\n\t\t\t<\/div>\n\n\t\n<\/div>\n<div class=\"row\"  id=\"row-2046354282\">\n\n\t<div id=\"col-721304529\" class=\"col small-12 large-12\"  >\n\t\t<div class=\"col-inner\"  >\n\t\t\t\n\t\t\t\n<h2><span style=\"color: #a60707;\">Valor Bradesco Sa\u00fade Empresarial Belo Horizonte<\/span><\/h2>\n\t\t<\/div>\n\t\t\n<style>\n#col-721304529 > .col-inner {\n  margin: 0px 0px -21px 0px;\n}\n<\/style>\n\t<\/div>\n\n\t\n<\/div>\n<div class=\"row\"  id=\"row-270706101\">\n\n\t<div id=\"col-1494057790\" class=\"col small-12 large-12\"  >\n\t\t<div class=\"col-inner\"  >\n\t\t\t\n\t\t\t\n<div class=\"row\"  id=\"row-796406604\">\n\n\n\t<div id=\"col-275632517\" class=\"col small-12 large-12\"  >\n\t\t<div class=\"col-inner\"  >\n\t\t\t\n\t\t\t\n\n<h3><b>Tabela Valor Bradesco Sa\u00fade Empresarial\u00a0<\/b><span style=\"font-size: 20.16px;\"><b>Compuls\u00f3rio<\/b><\/span><b> Estado de Minas Gerais<\/b><\/h3>\n<p>Inclus\u00e3o de todo o grupo segur\u00e1vel, desde que na totalidade do grupo ou subgrupo definido, e independente do tamanho do quadro funcional da Empresa Contratante. V\u00e1lida para os Titulares e todos os seus dependentes.<\/p>\n<p>\u00a0<\/p>\n<table class=\"static small ta-c\" style=\"width: 85.4768%;\">\n<tbody>\n<tr class=\"bgGray\">\n<td style=\"background-color: #ba1111; width: 3.08271%; text-align: center;\"><strong><span style=\"color: #ffffff;\">Faixa Et\u00e1ria<\/span><\/strong><\/td>\n<td style=\"background-color: #ba1111; width: 0.75188%;\"><strong><span style=\"color: #ffffff;\">FLEX (E)<\/span><\/strong><\/td>\n<td style=\"background-color: #ba1111; width: 0.75188%;\"><strong><span style=\"color: #ffffff;\">FLEX (A)<\/span><\/strong><\/td>\n<td style=\"background-color: #ba1111; width: 0.75188%;\"><strong><span style=\"color: #ffffff;\">TNE (E)<\/span><\/strong><\/td>\n<td style=\"background-color: #ba1111; width: 0.75188%;\"><strong><span style=\"color: #ffffff;\">TNQ (A)<\/span><\/strong><\/td>\n<td style=\"background-color: #ba1111; width: 0.75188%;\"><strong><span style=\"color: #ffffff;\">TQN2 (A)<\/span><\/strong><\/td>\n<td style=\"background-color: #ba1111; width: 0.75188%;\"><strong><span style=\"color: #ffffff;\">TQN3 (A)<\/span><\/strong><\/td>\n<td style=\"background-color: #ba1111; width: 0.75188%;\"><strong><span style=\"color: #ffffff;\">TNP4 (A)<\/span><\/strong><\/td>\n<td style=\"background-color: #ba1111; width: 0.75188%;\"><strong><span style=\"color: #ffffff;\">TNP6 (A)<\/span><\/strong><\/td>\n<\/tr>\n<tr>\n<td style=\"width: 3.08271%; text-align: center;\">0 a 18 anos<\/td>\n<td style=\"width: 0.75188%;\">R$ 212,76<\/td>\n<td style=\"width: 0.75188%;\">R$ 236,40<\/td>\n<td style=\"width: 0.75188%;\">R$ 217,11<\/td>\n<td style=\"width: 0.75188%;\">R$ 256,14<\/td>\n<td style=\"width: 0.75188%;\">R$ 263,82<\/td>\n<td style=\"width: 0.75188%;\">R$ 284,31<\/td>\n<td style=\"width: 0.75188%;\">R$ 563,51<\/td>\n<td style=\"width: 0.75188%;\">R$ 655,72<\/td>\n<\/tr>\n<tr>\n<td style=\"width: 3.08271%; text-align: center;\">19 a 23 anos<\/td>\n<td style=\"width: 0.75188%;\">R$ 251,06<\/td>\n<td style=\"width: 0.75188%;\">R$ 278,96<\/td>\n<td style=\"width: 0.75188%;\">R$ 256,19<\/td>\n<td style=\"width: 0.75188%;\">R$ 302,24<\/td>\n<td style=\"width: 0.75188%;\">R$ 311,30<\/td>\n<td style=\"width: 0.75188%;\">R$ 335,49<\/td>\n<td style=\"width: 0.75188%;\">R$ 664,93<\/td>\n<td style=\"width: 0.75188%;\">R$ 773,75<\/td>\n<\/tr>\n<tr>\n<td style=\"width: 3.08271%; text-align: center;\">24 a 28 anos<\/td>\n<td style=\"width: 0.75188%;\">R$ 303,79<\/td>\n<td style=\"width: 0.75188%;\">R$ 337,54<\/td>\n<td style=\"width: 0.75188%;\">R$ 309,99<\/td>\n<td style=\"width: 0.75188%;\">R$ 365,71<\/td>\n<td style=\"width: 0.75188%;\">R$ 376,68<\/td>\n<td style=\"width: 0.75188%;\">R$ 405,95<\/td>\n<td style=\"width: 0.75188%;\">R$ 804,58<\/td>\n<td style=\"width: 0.75188%;\">R$ 936,23<\/td>\n<\/tr>\n<tr>\n<td style=\"width: 3.08271%; text-align: center;\">29 a 33 anos<\/td>\n<td style=\"width: 0.75188%;\">R$ 364,54<\/td>\n<td style=\"width: 0.75188%;\">R$ 405,05<\/td>\n<td style=\"width: 0.75188%;\">R$ 371,99<\/td>\n<td style=\"width: 0.75188%;\">R$ 438,86<\/td>\n<td style=\"width: 0.75188%;\">R$ 452,03<\/td>\n<td style=\"width: 0.75188%;\">R$ 487,13<\/td>\n<td style=\"width: 0.75188%;\">R$ 965,49<\/td>\n<td style=\"width: 0.75188%;\">R$ 1.123,48<\/td>\n<\/tr>\n<tr>\n<td style=\"width: 3.08271%; text-align: center;\">34 a 38 anos<\/td>\n<td style=\"width: 0.75188%;\">R$ 415,58<\/td>\n<td style=\"width: 0.75188%;\">R$ 461,76<\/td>\n<td style=\"width: 0.75188%;\">R$ 424,07<\/td>\n<td style=\"width: 0.75188%;\">R$ 500,29<\/td>\n<td style=\"width: 0.75188%;\">R$ 515,30<\/td>\n<td style=\"width: 0.75188%;\">R$ 555,33<\/td>\n<td style=\"width: 0.75188%;\">R$ 1.100,66<\/td>\n<td style=\"width: 0.75188%;\">R$ 1.280,77<\/td>\n<\/tr>\n<tr>\n<td style=\"width: 3.08271%; text-align: center;\">39 a 43 anos<\/td>\n<td style=\"width: 0.75188%;\">R$ 428,05<\/td>\n<td style=\"width: 0.75188%;\">R$ 475,61<\/td>\n<td style=\"width: 0.75188%;\">R$ 436,78<\/td>\n<td style=\"width: 0.75188%;\">R$ 515,30<\/td>\n<td style=\"width: 0.75188%;\">R$ 530,77<\/td>\n<td style=\"width: 0.75188%;\">R$ 571,99<\/td>\n<td style=\"width: 0.75188%;\">R$ 1.133,68<\/td>\n<td style=\"width: 0.75188%;\">R$ 1.319,20<\/td>\n<\/tr>\n<tr>\n<td style=\"width: 3.08271%; text-align: center;\">44 a 48 anos<\/td>\n<td style=\"width: 0.75188%;\">R$ 521,17<\/td>\n<td style=\"width: 0.75188%;\">R$ 579,07<\/td>\n<td style=\"width: 0.75188%;\">R$ 531,81<\/td>\n<td style=\"width: 0.75188%;\">R$ 627,41<\/td>\n<td style=\"width: 0.75188%;\">R$ 646,23<\/td>\n<td style=\"width: 0.75188%;\">R$ 696,43<\/td>\n<td style=\"width: 0.75188%;\">R$ 1.380,31<\/td>\n<td style=\"width: 0.75188%;\">R$ 1.606,18<\/td>\n<\/tr>\n<tr>\n<td style=\"width: 3.08271%; text-align: center;\">49 a 53 anos<\/td>\n<td style=\"width: 0.75188%;\">R$ 613,00<\/td>\n<td style=\"width: 0.75188%;\">R$ 681,11<\/td>\n<td style=\"width: 0.75188%;\">R$ 625,51<\/td>\n<td style=\"width: 0.75188%;\">R$ 737,96<\/td>\n<td style=\"width: 0.75188%;\">R$ 760,10<\/td>\n<td style=\"width: 0.75188%;\">R$ 819,14<\/td>\n<td style=\"width: 0.75188%;\">R$ 1.623,53<\/td>\n<td style=\"width: 0.75188%;\">R$ 1.889,19<\/td>\n<\/tr>\n<tr>\n<td style=\"width: 3.08271%; text-align: center;\">54 a 58 anos<\/td>\n<td style=\"width: 0.75188%;\">R$ 729,47<\/td>\n<td style=\"width: 0.75188%;\">R$ 810,53<\/td>\n<td style=\"width: 0.75188%;\">R$ 744,36<\/td>\n<td style=\"width: 0.75188%;\">R$ 878,18<\/td>\n<td style=\"width: 0.75188%;\">R$ 904,53<\/td>\n<td style=\"width: 0.75188%;\">R$ 974,77<\/td>\n<td style=\"width: 0.75188%;\">R$ 1.931,99<\/td>\n<td style=\"width: 0.75188%;\">R$ 2.248,14<\/td>\n<\/tr>\n<tr>\n<td style=\"width: 3.08271%; text-align: center;\">+ de 59 anos<\/td>\n<td style=\"width: 0.75188%;\">R$ 1.276,58<\/td>\n<td style=\"width: 0.75188%;\">R$ 1.418,42<\/td>\n<td style=\"width: 0.75188%;\">R$ 1.302,63<\/td>\n<td style=\"width: 0.75188%;\">R$ 1.536,82<\/td>\n<td style=\"width: 0.75188%;\">R$ 1.582,92<\/td>\n<td style=\"width: 0.75188%;\">R$ 1.705,87<\/td>\n<td style=\"width: 0.75188%;\">R$ 3.381,00<\/td>\n<td style=\"width: 0.75188%;\">R$ 3.934,25<\/td>\n<\/tr>\n<\/tbody>\n<\/table>\n\n\t\t<\/div>\n\t\t\t<\/div>\n\n\t\n\n<\/div>\n\t\t<\/div>\n\t\t\t<\/div>\n\n\t\n<\/div>\n\t\t<\/div>\n\t\t\t<\/div>\n\n\t\n<\/div>\n\t\t<\/div>\n\t\t\n<style>\n#col-1276542845 > .col-inner {\n  margin: 0px 0px -50px 0px;\n}\n<\/style>\n\t<\/div>\n\n\t\n<\/div>\n<div class=\"row\"  id=\"row-766127594\">\n\n\t<div id=\"col-2115162415\" class=\"col small-12 large-12\"  >\n\t\t<div class=\"col-inner\"  >\n\t\t\t\n\t\t\t\n<h2><span style=\"color: #a60707;\">Rede Credenciada Bradesco Sa\u00fade Belo Horizonte<\/span><\/h2>\n<p>O Bradesco Sa\u00fade oferece os melhores hospitais, laborat\u00f3rios e m\u00e9dicos do Brasil. O desempenho de uma grande seguradora como a Bradesco Sa\u00fade \u00e9 visto com sucesso n\u00e3o somente com a cura de doen\u00e7as, mas sim quando a seguradora trabalha junto com o seu segurado para evitar que problemas de sa\u00fade eventualmente ocorram. O Bradesco Sa\u00fade trabalha dessa maneira, o que lhe rendeu credibilidade e confian\u00e7a ao longo de sua trajet\u00f3ria no mercado de seguro sa\u00fade.<\/p>\n<p>A Rede do\u00a0<strong><a href=\"https:\/\/planodesaudebr.com.br\/bradesco-saude\/bradesco-saude\/bradesco-saude-minas-gerais\/\" target=\"_blank\" rel=\"noopener noreferrer\">Bradesco Sa\u00fade Minas Gerais<\/a><\/strong>\u00a0vai al\u00e9m de nomes de hospitais renomados, profissionais e laborat\u00f3rios de alta qualidade, Com o objetivo de sempre facilitar o dia a dia dos seus segurados, a Bradesco Sa\u00fade disponibilizou para download a vers\u00e3o atualizada do seu aplicativo, oferecendo novas funcionalidades, tais como: consultar reembolso, localizar referenciados, visualizar o cart\u00e3o de identifica\u00e7\u00e3o online \u2013 por interm\u00e9dio do aplicativo Carteira Digital, localizar farm\u00e1cias pr\u00f3ximas, 2\u00aa via do extrato de IR, al\u00e9m de criar a carteira de vacina\u00e7\u00e3o e acessar o calend\u00e1rio de vacinas.<\/p>\n\t\t<\/div>\n\t\t\t<\/div>\n\n\t\n<\/div>\n<div class=\"row\"  id=\"row-22468615\">\n\n\t<div id=\"col-1267578742\" class=\"col small-12 large-12\"  >\n\t\t<div class=\"col-inner\"  >\n\t\t\t\n\t\t\t\n<div class=\"row\"  id=\"row-1555282736\">\n\n\t<div id=\"col-1955110857\" class=\"col medium-4 small-12 large-4\"  >\n\t\t<div class=\"col-inner\"  >\n\t\t\t\n\t\t\t\n<ul>\n<li>Casa de Caridade de Alfenas &#8211; MG &#8211; Alfenas<\/li>\n<li>Casa de Caridade de Carangola &#8211; MG &#8211; Carangola<\/li>\n<li>Casa de Caridade de Itamonte &#8211; MG &#8211; Itamonte<\/li>\n<li>Casa de Caridade de Leopoldina &#8211; MG &#8211; Leopoldina<\/li>\n<li>Casa de Caridade de Ouro Fino &#8211; Minas Gerais &#8211; Ouro Fino<\/li>\n<li>Casa de Caridade Itanhandu &#8211; Minas Gerais &#8211; Itanhandu<\/li>\n<li>Casa de Caridade S\u00e3o Vicente de Paulo &#8211; Mira\u00ed<\/li>\n<li>Casa de Sa\u00fade Divino Esp\u00edrito Sto &#8211; Caratinga<\/li>\n<li>Casa de Sa\u00fade S\u00e3o Jos\u00e9 &#8211; Uberaba<\/li>\n<li>Casa de Sa\u00fade Sta Lucia &#8211; Muria\u00e9<\/li>\n<li>Casa de Sa\u00fade Sta Marta &#8211; Formiga<\/li>\n<li>Casa de Sa\u00fade Sta M\u00f4nica &#8211; Una\u00ed<\/li>\n<li>Casa de Sa\u00fade Sta Rosa &#8211; Visconde do Rio Branco<\/li>\n<li>Centro Brasileiro Oncologia &#8211; Muria\u00e9<\/li>\n<li>Cl\u00edn S\u00e3o Janu\u00e1rio &#8211; Ub\u00e1<\/li>\n<li>FOB &#8211; Ouro Branco &#8211; Minas Gerais &#8211; Ouro Branco<\/li>\n<li>Fund de Ensino e Tecnologia de Alfenas &#8211; Minas Gerais &#8211; Alfenas<\/li>\n<li>H Albert Sabin &#8211; Juiz de Fora<\/li>\n<li>H Ant\u00f4nio Moreira Costa &#8211; Santa Rita do Sapuca\u00ed<\/li>\n<li>H Arnaldo Gavazza Filho &#8211; Ponte Nova<\/li>\n<li>H Aroldo Tourinho &#8211; Montes Claros<\/li>\n<li>H Benef Portuguesa &#8211; Uberaba<\/li>\n<li>H Bom Jesus &#8211; Congonhas<\/li>\n<li>H Cataguases &#8211; Vila Teresa &#8211; MG &#8211; Cataguases<\/li>\n<li>Policl\u00ednica Salinense &#8211; Salinas<\/li>\n<li>Prontosocor &#8211; Montes Claros<\/li>\n<li>H Clinicare &#8211; Betim<\/li>\n<li>H Conego Monte Raso &#8211; Baependi<\/li>\n<li>H da Crian\u00e7a de S\u00e3o Jos\u00e9 &#8211; Contagem<\/li>\n<li>H da Mulher e Mat Sta F\u00e9 &#8211; Belo Horizonte &#8211; Minas Gerais &#8211; Belo Horizonte<\/li>\n<li>H Sta Terezinha &#8211; Mateus Leme<\/li>\n<li>H Sto Ant\u00f4nio &#8211; Araguari<\/li>\n<li>H de Casa Caridade S\u00e3o Vicente de Paulo &#8211; Caxambu<\/li>\n<li>H de Espera Feliz &#8211; MG &#8211; Espera Feliz<\/li>\n<li>H de Gimirim &#8211; Po\u00e7o Fundo<\/li>\n<li>H Deraldo Guimar\u00e3es &#8211; Almenara<\/li>\n<li>H Dia Med Center &#8211; Jo\u00e3o Monlevade<\/li>\n<li>H Dilson Godinho &#8211; Montes Claros<\/li>\n<li>H Philad\u00e9lfia &#8211; Te\u00f3filo Otoni<\/li>\n<li>H Queluz &#8211; Conselheiro Lafaiete<\/li>\n<li>H Regional &#8211; Varginha<\/li>\n<li>H Renascentista &#8211; Pouso Alegre<\/li>\n<li>H S\u00e3o Camilo &#8211; Conselheiro Lafaiete<\/li>\n<li>H S\u00e3o Domingos &#8211; Uberaba<\/li>\n<li>H S\u00e3o Jo\u00e3o &#8211; S\u00e3o Jo\u00e3o Nepomuceno<\/li>\n<li>H S\u00e3o Jo\u00e3o Batista &#8211; Vi\u00e7osa<\/li>\n<li>H S\u00e3o Judas Tadeu &#8211; Divin\u00f3polis<\/li>\n<li>H S\u00e3o Lucas &#8211; Buritis<\/li>\n<li>H S\u00e3o Lucas Paracatu &#8211; MG &#8211; Paracatu<\/li>\n<li>H S\u00e3o Paulo &#8211; Muria\u00e9<\/li>\n<li>H do Serro &#8211; MG &#8211; Serro<\/li>\n<li>H do Tri\u00e2ngulo &#8211; Uberl\u00e2ndia<\/li>\n<li>H Dr C\u00e2ndido Junqueira &#8211; Cruz\u00edlia<\/li>\n<\/ul>\n\t\t<\/div>\n\t\t\t<\/div>\n\n\t\n\n\t<div id=\"col-982698793\" class=\"col medium-4 small-12 large-4\"  >\n\t\t<div class=\"col-inner\"  >\n\t\t\t\n\t\t\t\n<ul>\n<li>H Dr Moises Magalh\u00e3es Freire &#8211; Pirapora &#8211; Minas Gerais &#8211; Pirapora<\/li>\n<li>H e Mat Henrique Penido &#8211; Belo Vale<\/li>\n<li>H e Mat Madrecor &#8211; Uberl\u00e2ndia<\/li>\n<li>Sta Casa de Miseric\u00f3rdia de Padre Eust\u00e1quio &#8211; Ibi\u00e1<\/li>\n<li>Sta Casa de Miseric\u00f3rdia de Piumhi &#8211; MG &#8211; Piumhi<\/li>\n<li>H e Mat Med Center &#8211; Patroc\u00ednio<\/li>\n<li>H e Mat S\u00e3o Francisco de Assis &#8211; Paragua\u00e7u<\/li>\n<li>H e Mat S\u00e3o Jos\u00e9 &#8211; Conselheiro Lafaiete<\/li>\n<li>H S\u00e3o Sebasti\u00e3o &#8211; Araguari<\/li>\n<li>H S\u00e3o Sebasti\u00e3o Recreio &#8211; MG &#8211; Recreio<\/li>\n<li>H S\u00e3o Vicente &#8211; Campo Belo<\/li>\n<li>H S\u00e3o Vicente de Paulo &#8211; Aiuruoca<\/li>\n<li>H Socor &#8211; BH &#8211; MG &#8211; Belo Horizonte<\/li>\n<li>H Sta Genoveva &#8211; Uberl\u00e2ndia<\/li>\n<li>H Sta Helena &#8211; Una\u00ed<\/li>\n<li>H Sta Isabel &#8211; Ub\u00e1<\/li>\n<li>H Sta Lucia &#8211; Divin\u00f3polis<\/li>\n<li>H Sta Rosalia &#8211; Te\u00f3filo Otoni<\/li>\n<li>H Unimed &#8211; Passos<\/li>\n<li>H Varginha &#8211; MG &#8211; Varginha<\/li>\n<li>H Vera Cruz &#8211; Patos de Minas<\/li>\n<li>H Vila da Serra &#8211; Nova Lima<\/li>\n<li>H Vital Brasil &#8211; Tim\u00f3teo<\/li>\n<li>H Wanda Andrade Drummond &#8211; Matozinhos<\/li>\n<li>H e Mat S\u00e3o Lucas &#8211; Extrema &#8211; MG &#8211; Extrema<\/li>\n<li>H e Mat Sta Clara &#8211; Uberl\u00e2ndia<\/li>\n<li>H e Mat Sta M\u00f4nica &#8211; Divin\u00f3polis<\/li>\n<li>H e Mat Vespasiano &#8211; Vespasiano<\/li>\n<li>H e Mat Virg\u00edlio Rosa &#8211; Monte Carmelo<\/li>\n<li>H e PS S\u00e3o Sebasti\u00e3o &#8211; Pirapora<\/li>\n<li>H Escola &#8211; Itajub\u00e1<\/li>\n<li>H Evang\u00e9lico &#8211; Carangola<\/li>\n<li>H Evang\u00e9lico &#8211; Governador Valadares<\/li>\n<li>H Felicio Rocho &#8211; BH &#8211; MG &#8211; Belo Horizonte<\/li>\n<li>H Fund Casa S\u00e3o Louren\u00e7o &#8211; MG &#8211; S\u00e3o Louren\u00e7o<\/li>\n<li>H Gecy Gomes &#8211; Nanuque<\/li>\n<li>H Genesio Franco de Morais &#8211; Sta Vit\u00f3ria &#8211; MG &#8211; Santa Vit\u00f3ria<\/li>\n<li>H Imaculada Concei\u00e7\u00e3o &#8211; Guanh\u00e3es<\/li>\n<li>H Infantil S\u00e3o Camilo &#8211; BH &#8211; MG &#8211; Belo Horizonte<\/li>\n<li>H Libertae &#8211; Sete Lagoas<\/li>\n<li>H Lifecenter &#8211; BH &#8211; MG &#8211; Belo Horizonte<\/li>\n<li>H Luxemburgo &#8211; BH &#8211; MG &#8211; Belo Horizonte<\/li>\n<li>H Madre Teresa &#8211; BH &#8211; MG &#8211; Belo Horizonte<\/li>\n<li>H Manoel Gon\u00e7alves &#8211; Ita\u00fana<\/li>\n<li>H Margarida &#8211; Jo\u00e3o Monlevade<\/li>\n<li>H Miseric\u00f3rdia &#8211; Santos Dumont<\/li>\n<li>H Monsenhor Horta &#8211; Mariana<\/li>\n<li>H N S Dabadia &#8211; Ituiutaba<\/li>\n<li>H N S das Dores &#8211; Itabira<\/li>\n<li>H N S das Dores &#8211; Ponte Nova<\/li>\n<li>H N S das Merces &#8211; S\u00e3o Jo\u00e3o del Rei<\/li>\n<li>H N S de Lourdes &#8211; Nova Lima<\/li>\n<li>H N S do Brasil &#8211; Bambu\u00ed<\/li>\n<li>H Odontomed &#8211; Itajub\u00e1<\/li>\n<li>H Pedro Sanches &#8211; Po\u00e7os de Caldas<\/li>\n<\/ul>\n\t\t<\/div>\n\t\t\t<\/div>\n\n\t\n\n\t<div id=\"col-387858074\" class=\"col medium-4 small-12 large-4\"  >\n\t\t<div class=\"col-inner\"  >\n\t\t\t\n\t\t\t\n<ul>\n<li>H S\u00e3o Salvador &#8211; Al\u00e9m Para\u00edba<\/li>\n<li>Inst de S\u00e3o Vicente de Paulo &#8211; Cassia &#8211; Minas Gerais &#8211; C\u00e1ssia<\/li>\n<li>Inst N S do Carmo &#8211; Barroso<\/li>\n<li>Inst Oncol\u00f3gico &#8211; Juiz de Fora &#8211; Juiz de Fora<\/li>\n<li>Irm N S da Sa\u00fade &#8211; Diamantina<\/li>\n<li>Irm Sta Casa de Miseric\u00f3rdia Muzambinho &#8211; MG &#8211; Muzambinho<\/li>\n<li>Mat e Posto Puericultura &#8211; Pedro Leopoldo<\/li>\n<li>Mat Octaviano Neves &#8211; BH &#8211; MG &#8211; Belo Horizonte<\/li>\n<li>Melhoramentos Dom Bosco &#8211; Arax\u00e1<\/li>\n<li>Sta Casa de Caridade de Formiga &#8211; MG &#8211; Formiga<\/li>\n<li>Sta Casa de Caridade Machado &#8211; MG &#8211; Machado<\/li>\n<li>Sta Casa de Miseric\u00f3rdia Alterosa &#8211; MG &#8211; Alterosa<\/li>\n<li>Sta Casa de Miseric\u00f3rdia Andr\u00e9landia &#8211; MG &#8211; Andrel\u00e2ndia<\/li>\n<li>H e Cl\u00edn Sta Paula &#8211; Pouso Alegre<\/li>\n<li>Sta Casa de Miseric\u00f3rdia de Arcos &#8211; MG &#8211; Arcos<\/li>\n<li>Sta Casa de Miseric\u00f3rdia de Areado &#8211; MG &#8211; Areado<\/li>\n<li>Sta Casa de Miseric\u00f3rdia de Barbacena &#8211; MG &#8211; Barbacena<\/li>\n<li>Sta Casa de Miseric\u00f3rdia de Caet\u00e9 &#8211; MG &#8211; Caet\u00e9<\/li>\n<li>Sta Casa de Miseric\u00f3rdia de Camanducaia &#8211; MG &#8211; Camanducaia<\/li>\n<li>Sta Casa de Miseric\u00f3rdia de Dores do Indaia &#8211; MG &#8211; Dores do Indai\u00e1<\/li>\n<li>Sta Casa de Miseric\u00f3rdia de Guaxupe &#8211; MG &#8211; Guaxup\u00e9<\/li>\n<li>Sta Casa de Miseric\u00f3rdia de Itajuba &#8211; MG &#8211; Itajub\u00e1<\/li>\n<li>Sta Casa de Miseric\u00f3rdia de Juiz de Fora &#8211; MG &#8211; Juiz de Fora<\/li>\n<li>Sta Casa de Miseric\u00f3rdia de N S do Carmo &#8211; Carm\u00f3polis de Minas<\/li>\n<li>Sta Casa de Miseric\u00f3rdia de Ouro Preto &#8211; MG &#8211; Ouro Preto<\/li>\n<li>Sta Casa de Miseric\u00f3rdia de Sabar\u00e1 &#8211; MG &#8211; Sabar\u00e1<\/li>\n<li>Sta Casa de Miseric\u00f3rdia de S\u00e3o Francisco Assis &#8211; Tr\u00eas Pontas<\/li>\n<li>Sta Casa de Miseric\u00f3rdia de S\u00e3o Jo\u00e3o Del Rei &#8211; MG &#8211; S\u00e3o Jo\u00e3o del Rei<\/li>\n<li>Sta Casa de Miseric\u00f3rdia de S\u00e3o Sebastiao do Paraiso &#8211; MG &#8211; S\u00e3o Sebasti\u00e3o do Para\u00edso<\/li>\n<li>Sta Casa de Miseric\u00f3rdia dePo\u00e7os de Caldas &#8211; MG &#8211; Po\u00e7os de Caldas<\/li>\n<li>Sta Casa de Miseric\u00f3rdia N S do Patroc\u00ednio &#8211; MG &#8211; Patroc\u00ednio<\/li>\n<li>Sta Casa N S das Merces &#8211; Sta Barbara &#8211; MG &#8211; Santa B\u00e1rbara<\/li>\n<li><strong>Centros m\u00e9dicos<\/strong><\/li>\n<li>Cto Med Promed Eldorado &#8211; Contagem<\/li>\n<li>Gastrocenter &#8211; Juiz de Fora<\/li>\n<li>Laborbraz &#8211; Matheus Leme &#8211; MG &#8211; Mateus Leme<\/li>\n<li><strong>Laborat\u00f3rios<\/strong><\/li>\n<li>Inst Dr Jorge Furtado<\/li>\n<li>Lab Arruda<\/li>\n<li>Lab Laborhclin &#8211; Alfenas &#8211; MG<\/li>\n<li>Lab Labormed &#8211; Uberl\u00e2ndia &#8211; MG<\/li>\n<\/ul>\n\t\t<\/div>\n\t\t\t<\/div>\n\n\t\n<\/div>\n<h2><span style=\"color: #a60707;\">Diferencias Bradesco Sa\u00fade Belo Horizonte<\/span><\/h2>\n<p>As Empresas poder\u00e3o contratar coberturas adicionais n\u00e3o contempladas\u00a0no Rol de Procedimentos e Eventos em Sa\u00fade, editado pela Ag\u00eancia\u00a0Nacional de Sa\u00fade Suplementar (ANS).\u00a0<\/p>\n<div class=\"row\"  id=\"row-625921571\">\n\n\t<div id=\"col-1944384866\" class=\"col medium-6 small-12 large-6\"  >\n\t\t<div class=\"col-inner\"  >\n\t\t\t\n\t\t\t\n<p><span style=\"color: #ed1c24;\"><i class=\"fa fa-check-circle-o \" ><\/i><\/span>\u00a0<a href=\"https:\/\/planodesaudebr.com.br\/bradesco-saude\/diferenciais\/\" target=\"_blank\" rel=\"noopener noreferrer\">Livre Escolha de Prestadores<\/a><\/p>\n<p><span style=\"color: #ed1c24;\"><i class=\"fa fa-check-circle-o \" ><\/i><\/span>\u00a0<a href=\"https:\/\/planodesaudebr.com.br\/bradesco-saude\/diferenciais\/\" target=\"_blank\" rel=\"noopener noreferrer\">Kit Digital<\/a><\/p>\n<p><span style=\"color: #ed1c24;\"><i class=\"fa fa-check-circle-o \" ><\/i><\/span>\u00a0<a href=\"https:\/\/planodesaudebr.com.br\/bradesco-saude\/diferenciais\/\" target=\"_blank\" rel=\"noopener noreferrer\">Meu Doutor Bradesco Sa\u00fade<\/a><\/p>\n<p><span style=\"color: #ed1c24;\"><i class=\"fa fa-check-circle-o \" ><\/i><\/span>\u00a0<a href=\"https:\/\/planodesaudebr.com.br\/bradesco-saude\/diferenciais\/\" target=\"_blank\" rel=\"noopener noreferrer\">Segunda Opini\u00e3o M\u00e9dica<\/a><\/p>\n<p><span style=\"color: #ed1c24;\"><i class=\"fa fa-check-circle-o \" ><\/i><\/span>\u00a0<a href=\"https:\/\/planodesaudebr.com.br\/bradesco-saude\/diferenciais\/\" target=\"_blank\" rel=\"noopener noreferrer\">Contrata\u00e7\u00e3o Conjugada ao Plano Odontol\u00f3gico<\/a><\/p>\n<p><span style=\"color: #ed1c24;\"><i class=\"fa fa-check-circle-o \" ><\/i><\/span>\u00a0<a href=\"https:\/\/planodesaudebr.com.br\/bradesco-saude\/diferenciais\/\" target=\"_blank\" rel=\"noopener noreferrer\">Sistema de Informa\u00e7\u00f5es Gerenciais &#8211; SIGE<\/a><\/p>\n\t\t<\/div>\n\t\t\t<\/div>\n\n\t\n\n\t<div id=\"col-482858101\" class=\"col medium-6 small-12 large-6\"  >\n\t\t<div class=\"col-inner\"  >\n\t\t\t\n\t\t\t\n<p><span style=\"color: #ed1c24;\"><i class=\"fa fa-check-circle-o \" ><\/i><\/span>\u00a0<a href=\"https:\/\/planodesaudebr.com.br\/bradesco-saude\/diferenciais\/\" target=\"_blank\" rel=\"noopener noreferrer\">Assist\u00eancia em Viagem<\/a><\/p>\n<p><span style=\"color: #ed1c24;\"><i class=\"fa fa-check-circle-o \" ><\/i><\/span>\u00a0<a href=\"https:\/\/planodesaudebr.com.br\/bradesco-saude\/diferenciais\/\" target=\"_blank\" rel=\"noopener noreferrer\">Clube de Vantagens<\/a><\/p>\n<p><span style=\"color: #ed1c24;\"><i class=\"fa fa-check-circle-o \" ><\/i><\/span>\u00a0<a href=\"https:\/\/planodesaudebr.com.br\/bradesco-saude\/diferenciais\/\" target=\"_blank\" rel=\"noopener noreferrer\">Certifica\u00e7\u00e3o no Processo de Bahiadita\u00e7\u00e3o no Brasil<\/a><\/p>\n<p><span style=\"color: #ed1c24;\"><i class=\"fa fa-check-circle-o \" ><\/i><\/span>\u00a0<a href=\"https:\/\/planodesaudebr.com.br\/bradesco-saude\/diferenciais\/\" target=\"_blank\" rel=\"noopener noreferrer\">Desconto Farm\u00e1cia*<\/a><\/p>\n<p><span style=\"color: #ed1c24;\"><i class=\"fa fa-check-circle-o \" ><\/i><\/span>\u00a0<a href=\"https:\/\/planodesaudebr.com.br\/bradesco-saude\/diferenciais\/\" target=\"_blank\" rel=\"noopener noreferrer\">Bradesco Sa\u00fade Concierge<\/a><\/p>\n<p><span style=\"color: #ed1c24;\"><i class=\"fa fa-check-circle-o \" ><\/i><\/span>\u00a0<a href=\"https:\/\/planodesaudebr.com.br\/bradesco-saude\/diferenciais\/\" target=\"_blank\" rel=\"noopener noreferrer\">Aplicativo Legisla\u00e7\u00e3o de Sa\u00fade Suplementar para iPad<\/a><\/p>\n\t\t<\/div>\n\t\t\t<\/div>\n\n\t\n<\/div>\n\t\t<\/div>\n\t\t\n<style>\n#col-1267578742 > .col-inner {\n  margin: 0px 0px -52px 0px;\n}\n<\/style>\n\t<\/div>\n\n\t\n<\/div>\n<div class=\"row\"  id=\"row-63055448\">\n\n\t<div id=\"col-1031051257\" class=\"col small-12 large-12\"  >\n\t\t<div class=\"col-inner\"  >\n\t\t\t\n\t\t\t\n<p><span style=\"font-size: 115%;\">Para ter acesso a todos os diferencias oferecidos pelo plano Bradesco Sa\u00fade\u00a0<strong><a href=\"https:\/\/planodesaudebr.com.br\/bradesco-saude\/diferenciais\/\">Clique Aqui<\/a><\/strong><\/span><\/p>\n\t\t<\/div>\n\t\t\t<\/div>\n\n\t\n<\/div>\n\t<div id=\"gap-301555116\" class=\"gap-element clearfix\" style=\"display:block; height:auto;\">\n\t\t\n<style>\n#gap-301555116 {\n  padding-top: 30px;\n}\n<\/style>\n\t<\/div>\n\t\n<div class=\"row\"  id=\"row-647221479\">\n\n\t<div id=\"col-1677034421\" class=\"col small-12 large-12\"  >\n\t\t<div class=\"col-inner\"  >\n\t\t\t\n\t\t\t\n<h2><span style=\"color: #a60707;\">Documentos Para Contra\u00e7\u00e3o Bradesco Sa\u00fade Empresarial<\/span><\/h2>\n<p>Abaixo documentos necess\u00e1rios para emiss\u00e3o ap\u00f3lice Bradesco sa\u00fade, Ap\u00f3s o envio de toda a documenta\u00e7\u00e3o ser\u00e1 gerado a proposta com numero de ap\u00f3lice e boleto com vencimento de at\u00e9 60 dias, dessa forma o benefici\u00e1rio pode escolher a melhor data de pagamento e ativa\u00e7\u00e3o do plano. O numero de carteirinha ser\u00e1 gerado ap\u00f3s 48 horas da quita\u00e7\u00e3o do primeiro boleto e os demais vencimentos ser\u00e1 sempre no dia do primeiro pagamento todos os meses.<\/p>\n<p><span style=\"color: #ed1c24;\"><i class=\"fa fa-arrow-circle-right \" ><\/i><\/span>\u00a0Contrato Social ou Contrato de empresa Individual<\/p>\n<p><span style=\"color: #ed1c24;\"><i class=\"fa fa-arrow-circle-right \" ><\/i><\/span>\u00a0Cart\u00e3o CNPJ<\/p>\n<p><span style=\"color: #ed1c24;\"><i class=\"fa fa-arrow-circle-right \" ><\/i><\/span>\u00a0Quando houver funcion\u00e1rios \u2013 Rela\u00e7\u00e3o do FGTS, (quando o funcion\u00e1rio tiver admiss\u00e3o inferior a 30 dias, entregar c\u00f3pia da Carteira Profissional ou do Livro de Registro.<\/p>\n\t\t<\/div>\n\t\t\t<\/div>\n\n\t\n<\/div>\n<div class=\"row\"  id=\"row-793561370\">\n\n\t<div id=\"col-981708282\" class=\"col medium-6 small-12 large-6\"  >\n\t\t<div class=\"col-inner\"  >\n\t\t\t\n\t\t\t\n<h3>Benefici\u00e1rio Titular<\/h3>\n<p><span style=\"color: #ed1c24;\"><i class=\"fa fa-arrow-circle-right \" ><\/i><\/span>\u00a0Diretores estatut\u00e1rios, s\u00f3cios com poderes de Gest\u00e3o e administradores;<br \/>\n<span style=\"color: #ed1c24;\"><i class=\"fa fa-arrow-circle-right \" ><\/i><\/span>\u00a0Empregados;<br \/>\n<span style=\"color: #ed1c24;\"><i class=\"fa fa-arrow-circle-right \" ><\/i><\/span>\u00a0Estagi\u00e1rios;<br \/>\n<span style=\"color: #ed1c24;\"><i class=\"fa fa-arrow-circle-right \" ><\/i><\/span>\u00a0Menores Aprendizes com idade entre 14 e 24 anos;<br \/>\n<span style=\"color: #ed1c24;\"><i class=\"fa fa-arrow-circle-right \" ><\/i><\/span>\u00a0Expatriados\/Estrangeiros;<br \/>\n<span style=\"color: #ed1c24;\"><i class=\"fa fa-arrow-circle-right \" ><\/i><\/span>\u00a0Afastados;<br \/>\n<span style=\"color: #ed1c24;\"><i class=\"fa fa-arrow-circle-right \" ><\/i>\u00a0<\/span>Demitidos e aposentados: conforme a Resolu\u00e7\u00e3o Normativa n\u00ba 195, da ANS.<\/p>\n\t\t<\/div>\n\t\t\t<\/div>\n\n\t\n\n\t<div id=\"col-214331078\" class=\"col medium-6 small-12 large-6\"  >\n\t\t<div class=\"col-inner\"  >\n\t\t\t\n\t\t\t\n<h3>Benefici\u00e1rio Dependente<\/h3>\n<p><span style=\"color: #ed1c24;\"><i class=\"fa fa-arrow-circle-right \" ><\/i>\u00a0<\/span>C\u00f4njuge;<br \/>\n<span style=\"color: #ed1c24;\"><i class=\"fa fa-arrow-circle-right \" ><\/i>\u00a0<\/span>Companheiro(a): havendo uni\u00e3o est\u00e1vel na forma da lei, sem concorr\u00eancia com o c\u00f4njuge;<br \/>\n<span style=\"color: #ed1c24;\"><i class=\"fa fa-arrow-circle-right \" ><\/i><\/span>\u00a0Filhos: solteiros (naturais, adotivos ou enteados) com at\u00e9 29 anos;<br \/>\n<span style=\"color: #ed1c24;\"><i class=\"fa fa-arrow-circle-right \" ><\/i><\/span>\u00a0Filhos inv\u00e1lidos de qualquer idade, assim considerados aqueles eleg\u00edveis para efeito da Declara\u00e7\u00e3o de Imposto de Renda do Benefici\u00e1rio titular.<\/p>\n\t\t<\/div>\n\t\t\t<\/div>\n\n\t\n<\/div>\n\t<div id=\"gap-1735186715\" class=\"gap-element clearfix\" style=\"display:block; height:auto;\">\n\t\t\n<style>\n#gap-1735186715 {\n  padding-top: 30px;\n}\n<\/style>\n\t<\/div>\n\t\n<div class=\"row\"  id=\"row-1591855268\">\n\n\t<div id=\"col-257641645\" class=\"col small-12 large-12\"  >\n\t\t<div class=\"col-inner\"  >\n\t\t\t\n\t\t\t\n<h2><span style=\"color: #a60707;\">Acomoda\u00e7\u00e3o Bradesco Sa\u00fade Belo Horizonte<\/span><\/h2>\n\t\t<\/div>\n\t\t\t<\/div>\n\n\t\n<\/div>\n<div class=\"row\"  id=\"row-20087081\">\n\n\t<div id=\"col-802146115\" class=\"col medium-4 small-12 large-4\"  >\n\t\t<div class=\"col-inner\"  >\n\t\t\t\n\t\t\t\n\t<div class=\"img has-hover x md-x lg-x y md-y lg-y\" id=\"image_1670625202\">\n\t\t\t\t\t\t\t\t<div class=\"img-inner dark\" >\n\t\t\t<img loading=\"lazy\" decoding=\"async\" width=\"216\" height=\"164\" src=\"https:\/\/planodesaudebr.com.br\/bradesco-saude\/wp-content\/uploads\/2018\/06\/Acomoda\u00e7\u00e3o-Bradesco-Sa\u00fade.png\" class=\"attachment-large size-large\" alt=\"Acomoda\u00e7\u00e3o Bradesco Sa\u00fade\" \/>\t\t\t\t\t\t\n\t\t\t\t\t<\/div>\n\t\t\t\t\t\t\t\t\n<style>\n#image_1670625202 {\n  width: 85%;\n}\n<\/style>\n\t<\/div>\n\t\n\t\t<\/div>\n\t\t\t<\/div>\n\n\t\n\n\t<div id=\"col-880358687\" class=\"col medium-8 small-12 large-8\"  >\n\t\t<div class=\"col-inner\"  >\n\t\t\t\n\t\t\t\n<p><span style=\"font-size: 115%;\">A Bradesco Sa\u00fade disponibiliza dois padr\u00f5es de acomoda\u00e7\u00e3o hospitalar:<\/span><\/p>\n<p><span style=\"font-size: 115%;\">\u2022 Quarto individual, Apenas uma pessoa por quarto.<\/span><br \/>\n<span style=\"font-size: 115%;\">(para todos os planos);<\/span><\/p>\n<p><span style=\"font-size: 115%;\">\u2022 Enfermaria, acomoda\u00e7\u00e3o para 2 pessoas por quarto<\/span><br \/>\n<span style=\"font-size: 115%;\">(exceto para o Premium e o Nacional Plus).<\/span><\/p>\n\t\t<\/div>\n\t\t\t<\/div>\n\n\t\n<\/div>\n\t<div id=\"gap-17300574\" class=\"gap-element clearfix\" style=\"display:block; height:auto;\">\n\t\t\n<style>\n#gap-17300574 {\n  padding-top: 30px;\n}\n<\/style>\n\t<\/div>\n\t\n<div class=\"row\"  id=\"row-1585013525\">\n\n\t<div id=\"col-25976250\" class=\"col small-12 large-12\"  >\n\t\t<div class=\"col-inner\"  >\n\t\t\t\n\t\t\t\n<div class=\"message-box relative dark\" style=\"padding-top:15px;padding-bottom:15px;\"><div class=\"message-box-bg-image bg-fill fill\" ><\/div><div class=\"message-box-bg-overlay bg-fill fill\" style=\"background-color:rgb(36, 18, 245);\"><\/div><div class=\"container relative\"><div class=\"inner last-reset\">\n<div class=\"row align-middle align-center\"  id=\"row-1689814201\">\n\n\t<div id=\"col-918528901\" class=\"col small-12 large-12\"  >\n\t\t<div class=\"col-inner text-center\"  >\n\t\t\t\n\t\t\t\n<p><span style=\"font-size: 140%;\">A NF Corretora de Seguros\u00a0est\u00e1 oferecendo uma <strong>Promo\u00e7\u00e3o de at\u00e9 50% de desconto na primeira parcela<\/strong> dependendo da categoria do plano Bradesco Sa\u00fade escolhida.\u00a0<strong><a href=\"https:\/\/planodesaudebr.com.br\/bradesco-saude\/orcamento\/\" target=\"_blank\" rel=\"noopener noreferrer\">Confira!<\/a><\/strong><\/span><\/p>\n\t<div id=\"gap-1945437499\" class=\"gap-element clearfix\" style=\"display:block; height:auto;\">\n\t\t\n<style>\n#gap-1945437499 {\n  padding-top: 10px;\n}\n<\/style>\n\t<\/div>\n\t\n<a href=\"https:\/\/planodesaudebr.com.br\/bradesco-saude\/contato\/\" target=\"_self\" class=\"button white is-outline reveal-icon\"  style=\"border-radius:9px;\">\n    <span>Cota\u00e7\u00e3o Bradesco Sa\u00fade<\/span>\n  <i class=\"icon-checkmark\" ><\/i><\/a>\n\n\t\t<\/div>\n\t\t\t<\/div>\n\n\t\n<\/div>\n<\/div><\/div><\/div>\n\t\t<\/div>\n\t\t\t<\/div>\n\n\t\n<\/div>\n<div class=\"row\"  id=\"row-881135412\">\n\n\t<div id=\"col-1319733809\" class=\"col small-12 large-12\"  >\n\t\t<div class=\"col-inner\"  >\n\t\t\t\n\t\t\t\n<h2><span style=\"color: #a60707;\">Reembolso Bradesco Sa\u00fade Belo Horizonte<\/span><\/h2>\n<p>O Benefici\u00e1rio que contratar o plano Bradesco Sa\u00fade com CNPJ poder\u00e1 utilizar qualquer servi\u00e7o que esteja coberto pelo Seguro-sa\u00fade com um prestador de sua livre escolha que n\u00e3o fa\u00e7a parte da Lista de Refer\u00eancia, desde que sejam respeitados a \u00e1rea de atua\u00e7\u00e3o do produto e os limites contratados.<\/p>\n<p>A Bradesco Sa\u00fade ira fazer a analise da documenta\u00e7\u00e3o enviada pelo segurado e processamento do reembolso, conforme as coberturas e limites contratuais do seguro, inclusive nos casos de urg\u00eancia e emerg\u00eancia, contados a partir do recebimento, pela Operadora, de toda a documenta\u00e7\u00e3o relacionada no item Documenta\u00e7\u00e3o Necess\u00e1ria para Solicita\u00e7\u00e3o de Reembolso, de acordo com o procedimento realizado.<\/p>\n<p>O pagamento do valor a ser reembolsado ser\u00e1 efetuado diretamente na conta corrente do Benefici\u00e1rio titular. Para que o reembolso seja efetuado com seguran\u00e7a, \u00e9 importante que os dados da conta corrente do Benefici\u00e1rio estejam sempre atualizado junto ao cadastro do benefici\u00e1rio.<\/p>\n<p>Documenta\u00e7\u00e3o Necess\u00e1ria para Solicita\u00e7\u00e3o de Reembolso:<\/p>\n<p>O Benefici\u00e1rio dever\u00e1 observar o prazo m\u00e1ximo de 1 (um) ano, a partir da data de ocorr\u00eancia do evento, para apresenta\u00e7\u00e3o dos pedidos de reembolso. Para o efetivo reembolso, o Benefici\u00e1rio dever\u00e1 apresentar toda a documenta\u00e7\u00e3o relacionada no formul\u00e1rio denominado Envelope para Solicita\u00e7\u00e3o de Reembolso, o qual dever\u00e1 ser devidamente preenchido com os dados cadastrais do Benefici\u00e1rio Titular.<\/p>\n\t\t<\/div>\n\t\t\t<\/div>\n\n\t\n<\/div>\n<div class=\"row\"  id=\"row-1397942309\">\n\n\t<div id=\"col-592627101\" class=\"col small-12 large-12\"  >\n\t\t<div class=\"col-inner\" style=\"background-color:rgb(254, 252, 252);\" >\n\t\t\t\n\t\t\t\n<h2><span style=\"color: #a60707;\">Duvidas Bradesco Sa\u00fade Belo Horizonte<\/span><\/h2>\n<div class=\"accordion\" rel=\"\">\n<div class=\"accordion-item\"><a href=\"#\" class=\"accordion-title plain\"><button class=\"toggle\"><i class=\"icon-angle-down\"><\/i><\/button><span>Qual \u00e9 o Telefone de Contato Bradesco Sa\u00fade Empresarial?<\/span><\/a><div class=\"accordion-inner\">\n<h3>Central de\u00a0Vendas Bradesco Sa\u00fade:<\/h3>\n<p>Grupo de corretores treinados para\u00a0 tiras todas as duvidas, por telefone ou pelo chat online. Receba cota\u00e7\u00e3o por e-mail com tabela de valores e rede credenciada de hospitais credenciados. Fa\u00e7a seu plano de sa\u00fade Bradesco com 50% Desconto, ligando nos telefones abaixo.<\/p>\n<p><span style=\"color: #ed1c24;\"><i class=\"fa fa-check-square-o \" ><\/i><\/span> (11) 2801-6163 (capitais e regi\u00f5es metropolitanas)<\/p>\n<p><span style=\"color: #ed1c24;\"><i class=\"fa fa-check-square-o \" ><\/i><\/span> (11) 2801-6163 (demais localidades)<\/p>\n<p><span style=\"color: #ed1c24;\"><i class=\"fa fa-check-square-o \" ><\/i><\/span> (11) 99334-3454 (Atendimento WhatsApp)<\/p>\n<h3>J\u00e1 sou Cliente Bradesco Sa\u00fade<\/h3>\n<p><strong>Consultar Rede Credenciada<\/strong><\/p>\n<p><strong>2\u00ba Via de Boleto<\/strong><\/p>\n<p><strong>Atendimento ao Cliente<\/strong><\/p>\n<p><strong><span style=\"color: #ed1c24;\"><i class=\"fa fa-check-square-o \" ><\/i> <\/span>4004 2761 (capitais e regi\u00f5es metropolitanas)<\/strong><\/p>\n<p><strong><span style=\"color: #ed1c24;\"><i class=\"fa fa-check-square-o \" ><\/i> <\/span>0800 701 2761 (demais localidades)<\/strong><\/p>\n<\/div><\/div>\n<div class=\"accordion-item\"><a href=\"#\" class=\"accordion-title plain\"><button class=\"toggle\"><i class=\"icon-angle-down\"><\/i><\/button><span>Qual \u00e9 o Prazo de vigencia do Contrato Bradesco Sa\u00fade Empresarial?<\/span><\/a><div class=\"accordion-inner\">\n<p>A vig\u00eancia inicial do contrato \u00e9 de 24 meses, contados a partir da data definida na proposta assinada pela empresa contratante.<\/p>\n<\/div><\/div>\n<div class=\"accordion-item\"><a href=\"#\" class=\"accordion-title plain\"><button class=\"toggle\"><i class=\"icon-angle-down\"><\/i><\/button><span>Todos os colaboradores precisam aderir ao plano de sa\u00fade?<\/span><\/a><div class=\"accordion-inner\">\n<p>na\u00a0 modalidade Compuls\u00f3ria \u00e9 necess\u00e1rio incluir todo o grupo que esta na empresa. Esta op\u00e7\u00e3o \u00e9 v\u00e1lida para os titulares e todos os seus dependentes. J\u00e1 na modalidade Opcional n\u00e3o h\u00e1 obrigatoriedade de inclus\u00e3o de todo o grupo vinculado \u00e0 empresa.<\/p>\n<\/div><\/div>\n<div class=\"accordion-item\"><a href=\"#\" class=\"accordion-title plain\"><button class=\"toggle\"><i class=\"icon-angle-down\"><\/i><\/button><span>Caso o benefici\u00e1rio seja atendido por um m\u00e9dico particular, como dever\u00e1 proceder?<\/span><\/a><div class=\"accordion-inner\">\n<p>O colaborador poder\u00e1 realizar qualquer procedimento coberto, desde que sejam respeitadas as condi\u00e7\u00f5es contratuais. Basta escolher o profissional de interesse, pagar pelos servi\u00e7os utilizados, solicitar o recibo de pagamento e apresentar \u00e0 Bradesco Sa\u00fade para reembolso. O reembolso ser\u00e1 realizado de acordo com os limites estabelecidos no plano contratado como informado no site acima. O prazo para o pagamento do reembolso \u00e9 de at\u00e9 30 dias ap\u00f3s o recebimento da documenta\u00e7\u00e3o completa.<\/p>\n<\/div><\/div>\n<div class=\"accordion-item\"><a href=\"#\" class=\"accordion-title plain\"><button class=\"toggle\"><i class=\"icon-angle-down\"><\/i><\/button><span>No dia da consulta, o benefici\u00e1rio dever\u00e1 apresentar alguma autoriza\u00e7\u00e3o especial?<\/span><\/a><div class=\"accordion-inner\">\n<p>N\u00e3o. O benefici\u00e1rio dever\u00e1 apresentar sua carteirinha, f\u00edsica ou virtual dispon\u00edvel atrav\u00e9s do <a href=\"https:\/\/apps.apple.com\/br\/app\/bradesco-seguros\/id1256508403\" target=\"_blank\" rel=\"noopener noreferrer\">aplicativo Bradesco seguros<\/a> e um documento oficial com foto.<\/p>\n<\/div><\/div>\n<\/div>\n\t\t<\/div>\n\t\t\n<style>\n#col-592627101 > .col-inner {\n  padding: 20px 20px 20px 20px;\n}\n<\/style>\n\t<\/div>\n\n\t\n<\/div>\n<div class=\"row\"  id=\"row-1605554683\">\n\n\t<div id=\"col-1689088513\" class=\"col medium-4 small-12 large-4\"  >\n\t\t<div class=\"col-inner\"  >\n\t\t\t\n\t\t\t\n\t<div class=\"img has-hover x md-x lg-x y md-y lg-y\" id=\"image_1448151040\">\n\t\t\t\t\t\t\t\t<div class=\"img-inner dark\" >\n\t\t\t<img loading=\"lazy\" decoding=\"async\" width=\"658\" height=\"941\" src=\"https:\/\/planodesaudebr.com.br\/bradesco-saude\/wp-content\/uploads\/2020\/01\/cota\u00e7\u00e3o-Online-Bradesco-Sa\u00fade.png\" class=\"attachment-large size-large\" alt=\"cota\u00e7\u00e3o Online Bradesco Sa\u00fade\" srcset=\"https:\/\/planodesaudebr.com.br\/bradesco-saude\/wp-content\/uploads\/2020\/01\/cota\u00e7\u00e3o-Online-Bradesco-Sa\u00fade.png 658w, https:\/\/planodesaudebr.com.br\/bradesco-saude\/wp-content\/uploads\/2020\/01\/cota\u00e7\u00e3o-Online-Bradesco-Sa\u00fade-210x300.png 210w\" sizes=\"auto, (max-width: 658px) 100vw, 658px\" \/>\t\t\t\t\t\t\n\t\t\t\t\t<\/div>\n\t\t\t\t\t\t\t\t\n<style>\n#image_1448151040 {\n  width: 100%;\n}\n<\/style>\n\t<\/div>\n\t\n\t\t<\/div>\n\t\t\t<\/div>\n\n\t\n\n\t<div id=\"col-2029819743\" class=\"col medium-8 small-12 large-8\"  >\n\t\t<div class=\"col-inner\"  >\n\t\t\t\n\t\t\t\n<h2><span style=\"color: #a60707;\">Cota\u00e7\u00e3o Online Bradesco Sa\u00fade Belo Horizonte<\/span><\/h2>\n<div data-uniq='69f408978ec2d' class='uniq-69f408978ec2d formcraft-css form-live align-center'><style type='text\/css' scoped='scoped'>.zopim { display:none !important;}\n.heading-cover  { DISPLAY:NONE !IMPORTANT;}\nhtml .formcraft-css .fc-form .form-element .form-element-html {\n    padding: 1.5em 1.5em;\n    padding-left: 0;\n    padding-top: 0;\n    margin-top: -10px;\nbackground:transparent !important;\n}\nhtml .formcraft-css .fc-form .field-cover>span>span {\n    display: block;\n    width: 100%;\n    line-height: 1.45em;\n    font-weight: 600;\n    font-size: 17px;\n}\n.select2-container.select2-container--default .select2-selection--single {\n    -webkit-border-radius: 0;\n    -moz-border-radius: 0;\n    -ms-border-radius: 0;\n    border-radius: 0;\n    border: 1px solid #cacaca;\n    height: 40px;\n    line-height: 1;\n    background: #fafafa;\n    font-size: 13px;\n}\n.select2-container.select2-container--default .select2-selection--single .select2-selection__rendered {\n    line-height: 43px;\n    padding-left: 11px;\n    padding-right: 50px;\n    color: #222222;\n    text-transform: uppercase;\n}<\/style><div class='form-logic'>[[[[\"field36\",\"equal_to\",\"Sim\"]],[[\"show_fields\",\"field32\"]],\"and\"]]<\/div><div class=\"fc-pagination-cover fc-pagination-1\">\n\t\t\t\t<div class=\"fc-pagination width-100\">\n\t\t\t\t\t<div class=\"pagination-trigger \" data-index=\"0\">\n\t\t\t\t\t\t<span class=\"page-number\"><span >1<\/span><\/span>\n\t\t\t\t\t\t<span class=\"page-name \">Step 1<\/span>\n\t\t\t\t\t\t\n\t\t\t\t\t<\/div>\n\t\t\t\t<\/div>\n\t\t\t<\/div>\n\t\t\t\n\t\t\t<style scoped=\"scoped\" >\n\t\t\t@media (max-width : 480px) {\n\t\t\t\t.fc_modal-dialog-1 .fc-pagination-cover .fc-pagination\n\t\t\t\t{\n\t\t\t\t\tbackground-color: transparent !important;\n\t\t\t\t}\n\t\t\t}\n\t\t\t\t\t\t.formcraft-css .fc-form.fc-form-1 .form-element .submit-cover .submit-button,\n\t\t\t.formcraft-css .fc-form.fc-form-1 .form-element .fileupload-cover .button-file,\n\t\t\t.formcraft-css .fc-form.fc-form-1 .form-element .field-cover .button,\n\t\t\t.formcraft-datepicker .ui-datepicker-header,\n\t\t\t.formcraft-datepicker .ui-datepicker-title\n\t\t\t{\n\t\t\t\tbackground: #d83135;\n\t\t\t\tcolor: #ffffff;\n\t\t\t}\n\t\t\t.formcraft-datepicker td .ui-state-active,\n\t\t\t.formcraft-datepicker td .ui-state-hover,\n\t\t\t.formcraft-css .fc-form.fc-form-1 .form-element .slider-cover .ui-slider-range\n\t\t\t{\n\t\t\t\tbackground: #d83135;\n\t\t\t}\n\t\t\t#ui-datepicker-div.formcraft-datepicker .ui-datepicker-header,\n\t\t\t.formcraft-css .fc-form .field-cover>div.full hr\n\t\t\t{\n\t\t\t\tborder-color: #be2b2e;\n\t\t\t}\n\t\t\t#ui-datepicker-div.formcraft-datepicker .ui-datepicker-prev:hover,\n\t\t\t#ui-datepicker-div.formcraft-datepicker .ui-datepicker-next:hover,\n\t\t\t#ui-datepicker-div.formcraft-datepicker select.ui-datepicker-month:hover,\n\t\t\t#ui-datepicker-div.formcraft-datepicker select.ui-datepicker-year:hover\n\t\t\t{\n\t\t\t\tbackground-color: #be2b2e;\n\t\t\t}\n\t\t\t.formcraft-css .fc-pagination>div.active .page-number,\n\t\t\t.formcraft-css .form-cover-builder .fc-pagination>div:first-child .page-number\n\t\t\t{\n\t\t\t\tbackground-color: #d83135;\n\t\t\t\tcolor: #ffffff;\n\t\t\t}\n\t\t\t#ui-datepicker-div.formcraft-datepicker table.ui-datepicker-calendar th,\n\t\t\t#ui-datepicker-div.formcraft-datepicker table.ui-datepicker-calendar td.ui-datepicker-today a,\n\t\t\t.formcraft-css .fc-form.fc-form-1 .form-element .star-cover label,\n\t\t\thtml .formcraft-css .fc-form.label-floating .form-element .field-cover.has-focus>span,\n\t\t\t.formcraft-css .fc-form.fc-form-1 .form-element .customText-cover a,\n\t\t\t.formcraft-css .prev-next>div span:hover\n\t\t\t{\n\t\t\t\tcolor: #d83135;\n\t\t\t}\n\t\t\t.formcraft-css .fc-form.fc-form-1 .form-element .customText-cover a:hover\n\t\t\t{\n\t\t\t\tcolor: #be2b2e;\n\t\t\t}\n\t\t\thtml .formcraft-css .fc-form.fc-form-1.label-floating .form-element .field-cover > span\n\t\t\t{\n\t\t\t\tcolor: #666666;\n\t\t\t}\n\t\t\thtml .formcraft-css .fc-form .final-success .final-success-check {\n\t\t\t\tborder: 2px solid #666666;\n\t\t\t}\n\t\t\t.formcraft-css .fc-form.fc-form-1 .form-element .field-cover input[type=\"text\"],\n\t\t\t.formcraft-css .fc-form.fc-form-1 .form-element .field-cover input[type=\"email\"],\n\t\t\t.formcraft-css .fc-form.fc-form-1 .form-element .field-cover input[type=\"password\"],\n\t\t\t.formcraft-css .fc-form.fc-form-1 .form-element .field-cover input[type=\"tel\"],\n\t\t\t.formcraft-css .fc-form.fc-form-1 .form-element .field-cover textarea,\n\t\t\t.formcraft-css .fc-form.fc-form-1 .form-element .field-cover select,\n\t\t\t.formcraft-css .fc-form.fc-form-1 .form-element .field-cover .time-fields-cover,\n\t\t\t.formcraft-css .fc-form.fc-form-1 .form-element .field-cover .awesomplete ul\n\t\t\t{\n\t\t\t\tcolor: #777;\n\t\t\t}\n\t\t\t.formcraft-css .fc-form.fc-form-1 .form-element .field-cover input[type=\"text\"],\n\t\t\t.formcraft-css .fc-form.fc-form-1 .form-element .field-cover input[type=\"password\"],\n\t\t\t.formcraft-css .fc-form.fc-form-1 .form-element .field-cover input[type=\"email\"],\n\t\t\t.formcraft-css .fc-form.fc-form-1 .form-element .field-cover input[type=\"radio\"],\n\t\t\t.formcraft-css .fc-form.fc-form-1 .form-element .field-cover input[type=\"checkbox\"],\n\t\t\t.formcraft-css .fc-form.fc-form-1 .form-element .field-cover input[type=\"tel\"],\n\t\t\t.formcraft-css .fc-form.fc-form-1 .form-element .field-cover select,\n\t\t\t.formcraft-css .fc-form.fc-form-1 .form-element .field-cover textarea\n\t\t\t{\n\t\t\t\tbackground-color: #fafafa;\n\t\t\t}\n\t\t\t.formcraft-css .fc-form.fc-form-1 .form-element .field-cover input[type=\"radio\"]:checked,\n\t\t\t.formcraft-css .fc-form.fc-form-1 .form-element .field-cover input[type=\"checkbox\"]:checked {\n\t\t\t\tborder-color: #be2b2e;\n\t\t\t\tbackground: #d83135;\t\t\t\t\n\t\t\t}\n\t\t\t.formcraft-css .fc-form.fc-form-1 .form-element .star-cover label .star\n\t\t\t{\n\t\t\t\ttext-shadow: 0px 1px 0px #be2b2e;\n\t\t\t}\n\t\t\t.formcraft-css .fc-form.fc-form-1 .form-element .slider-cover .ui-slider-range\n\t\t\t{\n\t\t\t\tbox-shadow: 0px 1px 1px #be2b2e inset;\n\t\t\t}\n\t\t\t.formcraft-css .fc-form.fc-form-1 .form-element .fileupload-cover .button-file\n\t\t\t{\n\t\t\t\tborder-color: #be2b2e;\n\t\t\t}\n\t\t\t.formcraft-css .fc-form.fc-form-1 .form-element .form-element-html input[type=\"password\"]:focus,\n\t\t\t.formcraft-css .fc-form.fc-form-1 .form-element .form-element-html input[type=\"email\"]:focus,\n\t\t\t.formcraft-css .fc-form.fc-form-1 .form-element .form-element-html input[type=\"tel\"]:focus,\n\t\t\t.formcraft-css .fc-form.fc-form-1 .form-element .form-element-html input[type=\"text\"]:focus,\n\t\t\t.formcraft-css .fc-form.fc-form-1 .form-element .form-element-html textarea:focus,\n\t\t\t.formcraft-css .fc-form.fc-form-1 .form-element .form-element-html select:focus\n\t\t\t{\n\t\t\t\tborder-color: #d83135;\n\t\t\t}\n\t\t\t.formcraft-css .fc-form.fc-form-1 .form-element .form-element-html .field-cover .is-read-only:focus {\n\t\t\t\tborder-color: #ccc;\n\t\t\t}\n\t\t\t.formcraft-css .fc-form.fc-form-1\t\t\t{\n\t\t\t\tfont-family: inherit;\n\t\t\t}\n\t\t\t@media (max-width : 480px) {\n\t\t\t\thtml .dedicated-page,\n\t\t\t\thtml .dedicated-page .formcraft-css .fc-pagination > div.active\n\t\t\t\t{\n\t\t\t\t\tbackground: transparent;\n\t\t\t\t}\n\t\t\t}\n\t\t<\/style>\n\t\t<div class=\"form-cover\">\n\t\t\t<form data-auto-scroll=\"\" data-no-message-redirect=\"\" data-thousand=\"\" data-decimal=\".\" data-delay=\"\" data-id=\"1\" class=\"fc-form fc-form-1 align- fc-temp-class spin- save-form- dont-submit-hidden- remove-asterisk- disable-enter- label-placeholder field-border-visible frame-visible icons-hide-false field-alignment-left\" style=\"width: 100%; color: #666666; font-size: 100%; background: transparent\">\n\t\t\t\t<div class=\"form-page form-page-0\" data-index=\"0\">\n\t\t\t\t\t\n\t\t\t\t\t<div class=\"form-page-content     \">\n\t\t\t\t\t\t<div data-identifier=\"field41\" data-index=\"0\" style=\"width: 100%\" class=\" form-element form-element-field41 options- index- form-element-0 default-false form-element-type-heading is-required-false odd -handle\">\n\t\t\t\t\t\t\t<div class=\"form-element-html\"><div ><div style=\"background-color:\" class=\"heading-cover field-cover \"><div style=\"text-align: left; font-size: 1.5em; padding-top: ; padding-bottom: ; color:\" class=\"bold-\"><span >BRADESCO<\/span><\/div><input type=\"hidden\" data-field-id=\"field41\" name=\"field41[]\" value=\"BRADESCO\"><\/div><\/div><\/div>\n\t\t\t\t\t\t\t\n\t\t\t\t\t\t<\/div><div data-identifier=\"field1\" data-index=\"1\" style=\"width: 50%\" class=\" even form-element form-element-field1 options- index- form-element-1 default-false form-element-type-oneLineText is-required-true -handle\">\n\t\t\t\t\t\t\t<div class=\"form-element-html\"><div ><label class=\"oneLineText-cover field-cover \"><span class=\"sub-label-true\"><span class=\"main-label\"><span >Nome para Contato<\/span><\/span><span class=\"sub-label\"><span >your full name<\/span><\/span><\/span><div><span class=\"error\"><\/span><input type=\"text\" placeholder=\"Nome para Contato\" make-read-only=\"\" data-field-id=\"field1\" name=\"field1[]\" data-min-char=\"\" data-max-char=\"\" data-val-type=\"\" data-regexp=\"\" data-is-required=\"true\" data-allow-spaces=\"true\" class=\"validation-lenient\" data-placement=\"right\" data-toggle=\"tooltip\" tooltip=\"\" data-trigger=\"focus\" data-html=\"true\" data-input-mask=\"\" data-mask-placeholder=\"\" data-original-title=\"\"><i class=\"formcraft-icon formcraft-icon-type-icon-user\">icon-user<\/i><\/div><\/label><\/div><\/div>\n\t\t\t\t\t\t\t\n\t\t\t\t\t\t<\/div><div data-identifier=\"field37\" data-index=\"2\" style=\"width: 50%\" class=\" form-element form-element-field37 options- index- form-element-2 default-false form-element-type-dropdown is-required-true odd -handle\">\n\t\t\t\t\t\t\t<div class=\"form-element-html\"><div ><label class=\"dropdown-cover field-cover autocomplete-type- \"><span class=\"sub-label-true\"><span class=\"main-label\"><span >Voc\u00ea possui?<\/span><\/span><span class=\"sub-label\"><span >pick one!<\/span><\/span><\/span><div><span class=\"error\"><\/span><select data-is-required=\"true\" class=\"validation-lenient\" data-field-id=\"field37\" name=\"field37\" data-placement=\"right\" data-toggle=\"tooltip\" tooltip=\"\" data-trigger=\"hover\" data-html=\"true\" data-original-title=\"\"><option value=\"\" class=\" \">Possui CNPJ?<\/option><option value=\"Sim\" class=\" \">Sim<\/option><option value=\"N\u00e3o\" class=\" \">N\u00e3o<\/option><\/select><input type=\"text\"><\/div><\/label><\/div><\/div>\n\t\t\t\t\t\t\t\n\t\t\t\t\t\t<\/div><div data-identifier=\"field3\" data-index=\"3\" style=\"width: 100%\" class=\" even form-element form-element-field3 options- index- form-element-3 default-false form-element-type-email is-required-true -handle\">\n\t\t\t\t\t\t\t<div class=\"form-element-html\"><div ><label class=\"email-cover field-cover \"><span class=\"sub-label-true\"><span class=\"main-label\"><span >E-mail<\/span><\/span><span class=\"sub-label\"><span >a valid email<\/span><\/span><\/span><div><span class=\"error\"><\/span><input placeholder=\"E-mail\" data-field-id=\"field3\" type=\"text\" data-val-type=\"email\" make-read-only=\"\" data-is-required=\"true\" name=\"field3\" class=\"validation-lenient\" data-placement=\"right\" data-toggle=\"tooltip\" tooltip=\"\" data-trigger=\"focus\" data-html=\"true\" data-original-title=\"\"><i class=\"formcraft-icon\">email<\/i><\/div><\/label><\/div><\/div>\n\t\t\t\t\t\t\t\n\t\t\t\t\t\t<\/div><div data-identifier=\"field21\" data-index=\"4\" style=\"width: 50%\" class=\" form-element form-element-field21 options- index- form-element-4 default-false form-element-type-oneLineText is-required-false odd -handle\">\n\t\t\t\t\t\t\t<div class=\"form-element-html\"><div ><label class=\"oneLineText-cover field-cover \"><span class=\"sub-label-true\"><span class=\"main-label\"><span >Telefone<\/span><\/span><span class=\"sub-label\"><span >your full name<\/span><\/span><\/span><div><span class=\"error\"><\/span><input type=\"text\" placeholder=\"Telefone\" make-read-only=\"\" data-field-id=\"field21\" name=\"field21[]\" data-min-char=\"\" data-max-char=\"\" data-val-type=\"\" data-regexp=\"\" data-is-required=\"false\" data-allow-spaces=\"\" class=\"validation-lenient\" data-placement=\"right\" data-toggle=\"tooltip\" tooltip=\"\" data-trigger=\"focus\" data-html=\"true\" data-input-mask=\"\" data-mask-placeholder=\"\" data-original-title=\"\"><i class=\"formcraft-icon formcraft-icon-type-icon-phone\">icon-phone<\/i><\/div><\/label><\/div><\/div>\n\t\t\t\t\t\t\t\n\t\t\t\t\t\t<\/div><div data-identifier=\"field42\" data-index=\"5\" style=\"width: 50%\" class=\" even form-element form-element-field42 options- index- form-element-5 default-false form-element-type-oneLineText is-required-false -handle\">\n\t\t\t\t\t\t\t<div class=\"form-element-html\"><div ><label class=\"oneLineText-cover field-cover \"><span class=\"sub-label-true\"><span class=\"main-label\"><span >Celular<\/span><\/span><span class=\"sub-label\"><span >your full name<\/span><\/span><\/span><div><span class=\"error\"><\/span><input type=\"text\" placeholder=\"Celular\" make-read-only=\"\" data-field-id=\"field42\" name=\"field42[]\" data-min-char=\"\" data-max-char=\"\" data-val-type=\"\" data-regexp=\"\" data-is-required=\"false\" data-allow-spaces=\"\" class=\"validation-lenient\" data-placement=\"right\" data-toggle=\"tooltip\" tooltip=\"\" data-trigger=\"focus\" data-html=\"true\" data-input-mask=\"\" data-mask-placeholder=\"\" data-original-title=\"\"><i class=\"formcraft-icon formcraft-icon-type-icon-phone\">icon-phone<\/i><\/div><\/label><\/div><\/div>\n\t\t\t\t\t\t\t\n\t\t\t\t\t\t<\/div><div data-identifier=\"field38\" data-index=\"6\" style=\"width: 70%\" class=\" form-element form-element-field38 options- index- form-element-6 default-false form-element-type-oneLineText is-required-false odd -handle\">\n\t\t\t\t\t\t\t<div class=\"form-element-html\"><div ><label class=\"oneLineText-cover field-cover \"><span class=\"sub-label-true\"><span class=\"main-label\"><span >Cidade<\/span><\/span><span class=\"sub-label\"><span >your full name<\/span><\/span><\/span><div><span class=\"error\"><\/span><input type=\"text\" placeholder=\"Cidade\" make-read-only=\"\" data-field-id=\"field38\" name=\"field38[]\" data-min-char=\"\" data-max-char=\"\" data-val-type=\"\" data-regexp=\"\" data-is-required=\"false\" data-allow-spaces=\"true\" class=\"validation-lenient\" data-placement=\"right\" data-toggle=\"tooltip\" tooltip=\"\" data-trigger=\"focus\" data-html=\"true\" data-input-mask=\"\" data-mask-placeholder=\"\" data-original-title=\"\"><i class=\"formcraft-icon formcraft-icon-type-no-icon\">no-icon<\/i><\/div><\/label><\/div><\/div>\n\t\t\t\t\t\t\t\n\t\t\t\t\t\t<\/div><div data-identifier=\"field40\" data-index=\"7\" style=\"width: 30%\" class=\" even form-element form-element-field40 options- index- form-element-7 default-false form-element-type-dropdown is-required-false -handle\">\n\t\t\t\t\t\t\t<div class=\"form-element-html\"><div ><label class=\"dropdown-cover field-cover autocomplete-type- \"><span class=\"sub-label-true\"><span class=\"main-label\"><span >Estado<\/span><\/span><span class=\"sub-label\"><span >pick one!<\/span><\/span><\/span><div><span class=\"error\"><\/span><select data-is-required=\"false\" class=\"validation-lenient\" data-field-id=\"field40\" name=\"field40\" data-placement=\"right\" data-toggle=\"tooltip\" tooltip=\"\" data-trigger=\"hover\" data-html=\"true\" data-original-title=\"\"><option value=\"\" class=\" \">Estado<\/option><option value=\"AC\" class=\" \">AC<\/option><option value=\"AL\" class=\" \">AL<\/option><option value=\"AP\" class=\" \">AP<\/option><option value=\"AM\" class=\" \">AM<\/option><option value=\"BA\" class=\" \">BA<\/option><option value=\"CE\" class=\" \">CE<\/option><option value=\"DF\" class=\" \">DF<\/option><option value=\"ES\" class=\" \">ES<\/option><option value=\"GO\" class=\" \">GO<\/option><option value=\"MA\" class=\" \">MA<\/option><option value=\"MT\" class=\" \">MT<\/option><option value=\"MS\" class=\" \">MS<\/option><option value=\"MG\" class=\" \">MG<\/option><option value=\"PA\" class=\" \">PA<\/option><option value=\"PB\" class=\" \">PB<\/option><option value=\"PR\" class=\" \">PR<\/option><option value=\"PE\" class=\" \">PE<\/option><option value=\"PI\" class=\" \">PI<\/option><option value=\"RJ\" class=\" \">RJ<\/option><option value=\"RN\" class=\" \">RN<\/option><option value=\"RS\" class=\" \">RS<\/option><option value=\"RO\" class=\" \">RO<\/option><option value=\"RR\" class=\" \">RR<\/option><option value=\"SC\" class=\" \">SC<\/option><option value=\"SP\" class=\" \">SP<\/option><option value=\"SE\" class=\" \">SE<\/option><option value=\"TO\" class=\" \">TO<\/option><\/select><input type=\"text\"><\/div><\/label><\/div><\/div>\n\t\t\t\t\t\t\t\n\t\t\t\t\t\t<\/div><div data-identifier=\"field20\" data-index=\"8\" style=\"width: 100%\" class=\" form-element form-element-field20 options- index- form-element-8 default-false form-element-type-customText is-required-false odd -handle\">\n\t\t\t\t\t\t\t<div class=\"form-element-html\"><div ><div class=\"absolute-false customText-cover field-cover\" style=\"left: ; top: ;right: ;bottom: ;color: #666666 !important; background-color:\"><div class=\"full\" style=\"text-align: left\"><p style=\"text-align: center\" >Insira a quantidade de usu\u00e1rios dentro de cada <b>faixa et\u00e1ria <\/b>abaixo.<\/p><\/div><input type=\"hidden\" name=\"field20\" data-field-id=\"field20\"><\/div><\/div><\/div>\n\t\t\t\t\t\t\t\n\t\t\t\t\t\t<\/div><div data-identifier=\"field5\" data-index=\"9\" style=\"width: 33%\" class=\" even form-element form-element-field5 options- index- form-element-9 default-false form-element-type-oneLineText is-required-false -handle\">\n\t\t\t\t\t\t\t<div class=\"form-element-html\"><div ><label class=\"oneLineText-cover field-cover \"><span class=\"sub-label-true\"><span class=\"main-label\"><span >00-18<\/span><\/span><span class=\"sub-label\"><span >your full name<\/span><\/span><\/span><div><span class=\"error\"><\/span><input type=\"text\" placeholder=\"00-18\" make-read-only=\"\" data-field-id=\"field5\" name=\"field5[]\" data-min-char=\"\" data-max-char=\"\" data-val-type=\"numbers\" data-regexp=\"\" data-is-required=\"false\" data-allow-spaces=\"\" class=\"validation-lenient\" data-placement=\"right\" data-toggle=\"tooltip\" tooltip=\"\" data-trigger=\"focus\" data-html=\"true\" data-input-mask=\"\" data-mask-placeholder=\"\" data-original-title=\"\"><i class=\"formcraft-icon formcraft-icon-type-no-icon\">no-icon<\/i><\/div><\/label><\/div><\/div>\n\t\t\t\t\t\t\t\n\t\t\t\t\t\t<\/div><div data-identifier=\"field9\" data-index=\"10\" style=\"width: 34%\" class=\" form-element form-element-field9 options- index- form-element-10 default-false form-element-type-oneLineText is-required-false odd -handle\">\n\t\t\t\t\t\t\t<div class=\"form-element-html\"><div ><label class=\"oneLineText-cover field-cover \"><span class=\"sub-label-true\"><span class=\"main-label\"><span >19-23<\/span><\/span><span class=\"sub-label\"><span >your full name<\/span><\/span><\/span><div><span class=\"error\"><\/span><input type=\"text\" placeholder=\"19-23\" make-read-only=\"\" data-field-id=\"field9\" name=\"field9[]\" data-min-char=\"\" data-max-char=\"\" data-val-type=\"numbers\" data-regexp=\"\" data-is-required=\"false\" data-allow-spaces=\"\" class=\"validation-lenient\" data-placement=\"right\" data-toggle=\"tooltip\" tooltip=\"\" data-trigger=\"focus\" data-html=\"true\" data-input-mask=\"\" data-mask-placeholder=\"\" data-original-title=\"\"><i class=\"formcraft-icon formcraft-icon-type-no-icon\">no-icon<\/i><\/div><\/label><\/div><\/div>\n\t\t\t\t\t\t\t\n\t\t\t\t\t\t<\/div><div data-identifier=\"field12\" data-index=\"11\" style=\"width: 33%\" class=\" even form-element form-element-field12 options- index- form-element-11 default-false form-element-type-oneLineText is-required-false -handle\">\n\t\t\t\t\t\t\t<div class=\"form-element-html\"><div ><label class=\"oneLineText-cover field-cover \"><span class=\"sub-label-true\"><span class=\"main-label\"><span >24-28<\/span><\/span><span class=\"sub-label\"><span >your full name<\/span><\/span><\/span><div><span class=\"error\"><\/span><input type=\"text\" placeholder=\"24-28\" make-read-only=\"\" data-field-id=\"field12\" name=\"field12[]\" data-min-char=\"\" data-max-char=\"\" data-val-type=\"numbers\" data-regexp=\"\" data-is-required=\"false\" data-allow-spaces=\"\" class=\"validation-lenient\" data-placement=\"right\" data-toggle=\"tooltip\" tooltip=\"\" data-trigger=\"focus\" data-html=\"true\" data-input-mask=\"\" data-mask-placeholder=\"\" data-original-title=\"\"><i class=\"formcraft-icon formcraft-icon-type-no-icon\">no-icon<\/i><\/div><\/label><\/div><\/div>\n\t\t\t\t\t\t\t\n\t\t\t\t\t\t<\/div><div data-identifier=\"field11\" data-index=\"12\" style=\"width: 33%\" class=\" form-element form-element-field11 options- index- form-element-12 default-false form-element-type-oneLineText is-required-false odd -handle\">\n\t\t\t\t\t\t\t<div class=\"form-element-html\"><div ><label class=\"oneLineText-cover field-cover \"><span class=\"sub-label-true\"><span class=\"main-label\"><span >29-33<\/span><\/span><span class=\"sub-label\"><span >your full name<\/span><\/span><\/span><div><span class=\"error\"><\/span><input type=\"text\" placeholder=\"29-33\" make-read-only=\"\" data-field-id=\"field11\" name=\"field11[]\" data-min-char=\"\" data-max-char=\"\" data-val-type=\"numbers\" data-regexp=\"\" data-is-required=\"false\" data-allow-spaces=\"\" class=\"validation-lenient\" data-placement=\"right\" data-toggle=\"tooltip\" tooltip=\"\" data-trigger=\"focus\" data-html=\"true\" data-input-mask=\"\" data-mask-placeholder=\"\" data-original-title=\"\"><i class=\"formcraft-icon formcraft-icon-type-no-icon\">no-icon<\/i><\/div><\/label><\/div><\/div>\n\t\t\t\t\t\t\t\n\t\t\t\t\t\t<\/div><div data-identifier=\"field10\" data-index=\"13\" style=\"width: 34%\" class=\" even form-element form-element-field10 options- index- form-element-13 default-false form-element-type-oneLineText is-required-false -handle\">\n\t\t\t\t\t\t\t<div class=\"form-element-html\"><div ><label class=\"oneLineText-cover field-cover \"><span class=\"sub-label-true\"><span class=\"main-label\"><span >34-38<\/span><\/span><span class=\"sub-label\"><span >your full name<\/span><\/span><\/span><div><span class=\"error\"><\/span><input type=\"text\" placeholder=\"34-38\" make-read-only=\"\" data-field-id=\"field10\" name=\"field10[]\" data-min-char=\"\" data-max-char=\"\" data-val-type=\"numbers\" data-regexp=\"\" data-is-required=\"false\" data-allow-spaces=\"\" class=\"validation-lenient\" data-placement=\"right\" data-toggle=\"tooltip\" tooltip=\"\" data-trigger=\"focus\" data-html=\"true\" data-input-mask=\"\" data-mask-placeholder=\"\" data-original-title=\"\"><i class=\"formcraft-icon formcraft-icon-type-no-icon\">no-icon<\/i><\/div><\/label><\/div><\/div>\n\t\t\t\t\t\t\t\n\t\t\t\t\t\t<\/div><div data-identifier=\"field13\" data-index=\"14\" style=\"width: 33%\" class=\" form-element form-element-field13 options- index- form-element-14 default-false form-element-type-oneLineText is-required-false odd -handle\">\n\t\t\t\t\t\t\t<div class=\"form-element-html\"><div ><label class=\"oneLineText-cover field-cover \"><span class=\"sub-label-true\"><span class=\"main-label\"><span >39-43<\/span><\/span><span class=\"sub-label\"><span >your full name<\/span><\/span><\/span><div><span class=\"error\"><\/span><input type=\"text\" placeholder=\"39-43\" make-read-only=\"\" data-field-id=\"field13\" name=\"field13[]\" data-min-char=\"\" data-max-char=\"\" data-val-type=\"numbers\" data-regexp=\"\" data-is-required=\"false\" data-allow-spaces=\"\" class=\"validation-lenient\" data-placement=\"right\" data-toggle=\"tooltip\" tooltip=\"\" data-trigger=\"focus\" data-html=\"true\" data-input-mask=\"\" data-mask-placeholder=\"\" data-original-title=\"\"><i class=\"formcraft-icon formcraft-icon-type-no-icon\">no-icon<\/i><\/div><\/label><\/div><\/div>\n\t\t\t\t\t\t\t\n\t\t\t\t\t\t<\/div><div data-identifier=\"field15\" data-index=\"15\" style=\"width: 33%\" class=\" even form-element form-element-field15 options- index- form-element-15 default-false form-element-type-oneLineText is-required-false -handle\">\n\t\t\t\t\t\t\t<div class=\"form-element-html\"><div ><label class=\"oneLineText-cover field-cover \"><span class=\"sub-label-true\"><span class=\"main-label\"><span >44-48<\/span><\/span><span class=\"sub-label\"><span >your full name<\/span><\/span><\/span><div><span class=\"error\"><\/span><input type=\"text\" placeholder=\"44-48\" make-read-only=\"\" data-field-id=\"field15\" name=\"field15[]\" data-min-char=\"\" data-max-char=\"\" data-val-type=\"numbers\" data-regexp=\"\" data-is-required=\"false\" data-allow-spaces=\"\" class=\"validation-lenient\" data-placement=\"right\" data-toggle=\"tooltip\" tooltip=\"\" data-trigger=\"focus\" data-html=\"true\" data-input-mask=\"\" data-mask-placeholder=\"\" data-original-title=\"\"><i class=\"formcraft-icon formcraft-icon-type-no-icon\">no-icon<\/i><\/div><\/label><\/div><\/div>\n\t\t\t\t\t\t\t\n\t\t\t\t\t\t<\/div><div data-identifier=\"field14\" data-index=\"16\" style=\"width: 34%\" class=\" form-element form-element-field14 options- index- form-element-16 default-false form-element-type-oneLineText is-required-false odd -handle\">\n\t\t\t\t\t\t\t<div class=\"form-element-html\"><div ><label class=\"oneLineText-cover field-cover \"><span class=\"sub-label-true\"><span class=\"main-label\"><span >49-53<\/span><\/span><span class=\"sub-label\"><span >your full name<\/span><\/span><\/span><div><span class=\"error\"><\/span><input type=\"text\" placeholder=\"49-53\" make-read-only=\"\" data-field-id=\"field14\" name=\"field14[]\" data-min-char=\"\" data-max-char=\"\" data-val-type=\"numbers\" data-regexp=\"\" data-is-required=\"false\" data-allow-spaces=\"\" class=\"validation-lenient\" data-placement=\"right\" data-toggle=\"tooltip\" tooltip=\"\" data-trigger=\"focus\" data-html=\"true\" data-input-mask=\"\" data-mask-placeholder=\"\" data-original-title=\"\"><i class=\"formcraft-icon formcraft-icon-type-no-icon\">no-icon<\/i><\/div><\/label><\/div><\/div>\n\t\t\t\t\t\t\t\n\t\t\t\t\t\t<\/div><div data-identifier=\"field8\" data-index=\"17\" style=\"width: 33%\" class=\" even form-element form-element-field8 options- index- form-element-17 default-false form-element-type-oneLineText is-required-false -handle\">\n\t\t\t\t\t\t\t<div class=\"form-element-html\"><div ><label class=\"oneLineText-cover field-cover \"><span class=\"sub-label-true\"><span class=\"main-label\"><span >54-58<\/span><\/span><span class=\"sub-label\"><span >your full name<\/span><\/span><\/span><div><span class=\"error\"><\/span><input type=\"text\" placeholder=\"54-58\" make-read-only=\"\" data-field-id=\"field8\" name=\"field8[]\" data-min-char=\"\" data-max-char=\"\" data-val-type=\"numbers\" data-regexp=\"\" data-is-required=\"false\" data-allow-spaces=\"\" class=\"validation-lenient\" data-placement=\"right\" data-toggle=\"tooltip\" tooltip=\"\" data-trigger=\"focus\" data-html=\"true\" data-input-mask=\"\" data-mask-placeholder=\"\" data-original-title=\"\"><i class=\"formcraft-icon formcraft-icon-type-no-icon\">no-icon<\/i><\/div><\/label><\/div><\/div>\n\t\t\t\t\t\t\t\n\t\t\t\t\t\t<\/div><div data-identifier=\"field7\" data-index=\"18\" style=\"width: 33%\" class=\" form-element form-element-field7 options- index- form-element-18 default-false form-element-type-oneLineText is-required-false odd -handle\">\n\t\t\t\t\t\t\t<div class=\"form-element-html\"><div ><label class=\"oneLineText-cover field-cover \"><span class=\"sub-label-true\"><span class=\"main-label\"><span >59+<\/span><\/span><span class=\"sub-label\"><span >your full name<\/span><\/span><\/span><div><span class=\"error\"><\/span><input type=\"text\" placeholder=\"59+\" make-read-only=\"\" data-field-id=\"field7\" name=\"field7[]\" data-min-char=\"\" data-max-char=\"\" data-val-type=\"numbers\" data-regexp=\"\" data-is-required=\"false\" data-allow-spaces=\"\" class=\"validation-lenient\" data-placement=\"right\" data-toggle=\"tooltip\" tooltip=\"\" data-trigger=\"focus\" data-html=\"true\" data-input-mask=\"\" data-mask-placeholder=\"\" data-original-title=\"\"><i class=\"formcraft-icon formcraft-icon-type-no-icon\">no-icon<\/i><\/div><\/label><\/div><\/div>\n\t\t\t\t\t\t\t\n\t\t\t\t\t\t<\/div><div data-identifier=\"field4\" data-index=\"19\" style=\"width: 67%\" class=\" even form-element form-element-field4 options- index- form-element-19 default-false form-element-type-submit is-required-false -handle\">\n\t\t\t\t\t\t\t<div class=\"form-element-html\"><div ><div class=\"align-right wide-true submit-cover field-cover\"><button type=\"submit\" class=\"button submit-button\"><span class=\"text \">SOLICITAR OR\u00c7AMENTO<\/span><span class=\"spin-cover\"><i style=\"color:\" class=\"loading-icon icon-cog animate-spin\"><\/i><\/span><\/button><\/div><div class=\"submit-response \"><\/div><label ><input type=\"text\" class=\"required_field\" name=\"website\" autocomplete=\"maple-syrup-pot\"><\/label><\/div><\/div>\n\t\t\t\t\t\t\t\n\t\t\t\t\t\t<\/div>\n\t\t\t\t\t<\/div>\n\t\t\t\t<\/div>\n\t\t\t<\/form>\n\t\t\t<div class=\"prev-next prev-next-1\" style=\"width: 100%; color: #666666; font-size: 100%; background: transparent\">\n\t\t\t\t<div><label><input type=\"text\" class=\"  \"><\/label><span class=\"inactive page-prev \"><i class=\"formcraft-icon\">keyboard_arrow_left<\/i>Previous<\/span><\/div>\n\t\t\t\t<div><label><input type=\"text\" class=\"  \"><\/label><span class=\"page-next \">Next<i class=\"formcraft-icon\">keyboard_arrow_right<\/i><\/span><\/div>\n\t\t\t<\/div>\n\t\t<\/div><a class=\"powered-by\" target=\"_blank\" href=\"http:\/\/formcraft-wp.com?source=pb\"\/>FormCraft - WordPress form builder<\/a><\/div>\n\t\t<\/div>\n\t\t\t<\/div>\n\n\t\n<\/div>\n\t<div id=\"gap-1462088641\" class=\"gap-element clearfix\" style=\"display:block; height:auto;\">\n\t\t\n<style>\n#gap-1462088641 {\n  padding-top: 30px;\n}\n<\/style>\n\t<\/div>\n\t\n<div class=\"row\"  id=\"row-105160352\">\n\n\t<div id=\"col-1638121096\" class=\"col small-12 large-12\"  >\n\t\t<div class=\"col-inner\"  >\n\t\t\t\n\t\t\t\n<div class=\"row\"  id=\"row-582789088\">\n\n\t<div id=\"col-162618449\" class=\"col small-12 large-12\"  >\n\t\t<div class=\"col-inner\"  >\n\t\t\t\n\t\t\t\n<h2><span style=\"color: #a60707;\">Informa\u00e7\u00f5es Bradesco Sa\u00fade Belo Horizonte<\/span><\/h2>\n\t\t<\/div>\n\t\t\t<\/div>\n\n\t\n<\/div>\n\n  \n    <div class=\"row large-columns-4 medium-columns-1 small-columns-1 has-shadow row-box-shadow-2\">\n  \t\t<div class=\"col post-item\" >\n\t\t\t<div class=\"col-inner\">\n\t\t\t<a href=\"https:\/\/planodesaudebr.com.br\/bradesco-saude\/bradesco-saude-telemedicina\/\" class=\"plain\">\n\t\t\t\t<div class=\"box box-default box-text-bottom box-blog-post has-hover\">\n            \t\t\t\t\t<div class=\"box-image\" >\n  \t\t\t\t\t\t<div class=\"image-cover\" style=\"padding-top:56.25%;\">\n  \t\t\t\t\t\t\t<img loading=\"lazy\" decoding=\"async\" width=\"300\" height=\"169\" src=\"https:\/\/planodesaudebr.com.br\/bradesco-saude\/wp-content\/uploads\/2021\/02\/Telemedicina-Bradesco-Saude-300x169.jpg\" class=\"attachment-medium size-medium wp-post-image\" alt=\"Telemedicina Bradesco Sa\u00fade\" srcset=\"https:\/\/planodesaudebr.com.br\/bradesco-saude\/wp-content\/uploads\/2021\/02\/Telemedicina-Bradesco-Saude-300x169.jpg 300w, https:\/\/planodesaudebr.com.br\/bradesco-saude\/wp-content\/uploads\/2021\/02\/Telemedicina-Bradesco-Saude-1024x576.jpg 1024w, https:\/\/planodesaudebr.com.br\/bradesco-saude\/wp-content\/uploads\/2021\/02\/Telemedicina-Bradesco-Saude-768x432.jpg 768w, https:\/\/planodesaudebr.com.br\/bradesco-saude\/wp-content\/uploads\/2021\/02\/Telemedicina-Bradesco-Saude-1536x864.jpg 1536w, https:\/\/planodesaudebr.com.br\/bradesco-saude\/wp-content\/uploads\/2021\/02\/Telemedicina-Bradesco-Saude.jpg 1920w\" sizes=\"auto, (max-width: 300px) 100vw, 300px\" \/>  \t\t\t\t\t\t\t  \t\t\t\t\t\t\t  \t\t\t\t\t\t<\/div>\n  \t\t\t\t\t\t  \t\t\t\t\t<\/div>\n          \t\t\t\t\t<div class=\"box-text text-center\" >\n\t\t\t\t\t<div class=\"box-text-inner blog-post-inner\">\n\n\t\t\t\t\t\n\t\t\t\t\t\t\t\t\t\t<h5 class=\"post-title is-large \">Bradesco Sa\u00fade Telemedicina<\/h5>\n\t\t\t\t\t\t\t\t\t\t<div class=\"is-divider\"><\/div>\n\t\t\t\t\t\t\t\t\t\t<p class=\"from_the_blog_excerpt \">Atendimento m\u00e9dico por v\u00eddeo Benefici\u00e1rios Bradesco Sa\u00fade poder\u00e3o realizar consultas online em diversas especialidades m\u00e9dicas, [...]\t\t\t\t\t<\/p>\n\t\t\t\t\t                    \n\t\t\t\t\t\t\t\t\t\t\t<button href=\"https:\/\/planodesaudebr.com.br\/bradesco-saude\/bradesco-saude-telemedicina\/\" class=\"button  is-outline is-small mb-0\">\n\t\t\t\t\t\t\tSaiba Mais\t\t\t\t\t\t<\/button>\n\t\t\t\t\t\n\t\t\t\t\t\n\t\t\t\t\t<\/div>\n\t\t\t\t\t<\/div>\n\t\t\t\t\t\t\t\t\t\t\t\t\t\t\t\t<div class=\"badge absolute top post-date badge-outline\">\n\t\t\t\t\t\t\t<div class=\"badge-inner\">\n\t\t\t\t\t\t\t\t<span class=\"post-date-day\">11<\/span><br>\n\t\t\t\t\t\t\t\t<span class=\"post-date-month is-xsmall\">fev<\/span>\n\t\t\t\t\t\t\t<\/div>\n\t\t\t\t\t\t<\/div>\n\t\t\t\t\t\t\t\t\t<\/div>\n\t\t\t\t<\/a>\n\t\t\t<\/div>\n\t\t<\/div>\n\t\t<div class=\"col post-item\" >\n\t\t\t<div class=\"col-inner\">\n\t\t\t<a href=\"https:\/\/planodesaudebr.com.br\/bradesco-saude\/como-escolher-plano-de-saude-bradesco\/\" class=\"plain\">\n\t\t\t\t<div class=\"box box-default box-text-bottom box-blog-post has-hover\">\n            \t\t\t\t\t<div class=\"box-image\" >\n  \t\t\t\t\t\t<div class=\"image-cover\" style=\"padding-top:56.25%;\">\n  \t\t\t\t\t\t\t<img loading=\"lazy\" decoding=\"async\" width=\"300\" height=\"200\" src=\"https:\/\/planodesaudebr.com.br\/bradesco-saude\/wp-content\/uploads\/2021\/02\/Como-Escolher-Plano-de-Saude-Bradesco-300x200.jpg\" class=\"attachment-medium size-medium wp-post-image\" alt=\"Como Escolher Plano de Sa\u00fade Bradesco\" srcset=\"https:\/\/planodesaudebr.com.br\/bradesco-saude\/wp-content\/uploads\/2021\/02\/Como-Escolher-Plano-de-Saude-Bradesco-300x200.jpg 300w, https:\/\/planodesaudebr.com.br\/bradesco-saude\/wp-content\/uploads\/2021\/02\/Como-Escolher-Plano-de-Saude-Bradesco.jpg 654w\" sizes=\"auto, (max-width: 300px) 100vw, 300px\" \/>  \t\t\t\t\t\t\t  \t\t\t\t\t\t\t  \t\t\t\t\t\t<\/div>\n  \t\t\t\t\t\t  \t\t\t\t\t<\/div>\n          \t\t\t\t\t<div class=\"box-text text-center\" >\n\t\t\t\t\t<div class=\"box-text-inner blog-post-inner\">\n\n\t\t\t\t\t\n\t\t\t\t\t\t\t\t\t\t<h5 class=\"post-title is-large \">Como Escolher Plano de Sa\u00fade Bradesco<\/h5>\n\t\t\t\t\t\t\t\t\t\t<div class=\"is-divider\"><\/div>\n\t\t\t\t\t\t\t\t\t\t<p class=\"from_the_blog_excerpt \">Veja como \u00e9 F\u00e1cil escolher qual Plano Bradesco Sa\u00fade contratar Voc\u00ea sabe como escolher um [...]\t\t\t\t\t<\/p>\n\t\t\t\t\t                    \n\t\t\t\t\t\t\t\t\t\t\t<button href=\"https:\/\/planodesaudebr.com.br\/bradesco-saude\/como-escolher-plano-de-saude-bradesco\/\" class=\"button  is-outline is-small mb-0\">\n\t\t\t\t\t\t\tSaiba Mais\t\t\t\t\t\t<\/button>\n\t\t\t\t\t\n\t\t\t\t\t\n\t\t\t\t\t<\/div>\n\t\t\t\t\t<\/div>\n\t\t\t\t\t\t\t\t\t\t\t\t\t\t\t\t<div class=\"badge absolute top post-date badge-outline\">\n\t\t\t\t\t\t\t<div class=\"badge-inner\">\n\t\t\t\t\t\t\t\t<span class=\"post-date-day\">11<\/span><br>\n\t\t\t\t\t\t\t\t<span class=\"post-date-month is-xsmall\">fev<\/span>\n\t\t\t\t\t\t\t<\/div>\n\t\t\t\t\t\t<\/div>\n\t\t\t\t\t\t\t\t\t<\/div>\n\t\t\t\t<\/a>\n\t\t\t<\/div>\n\t\t<\/div>\n\t\t<div class=\"col post-item\" >\n\t\t\t<div class=\"col-inner\">\n\t\t\t<a href=\"https:\/\/planodesaudebr.com.br\/bradesco-saude\/meu-doutor-novamed-inaugura-novas-unidades\/\" class=\"plain\">\n\t\t\t\t<div class=\"box box-default box-text-bottom box-blog-post has-hover\">\n            \t\t\t\t\t<div class=\"box-image\" >\n  \t\t\t\t\t\t<div class=\"image-cover\" style=\"padding-top:56.25%;\">\n  \t\t\t\t\t\t\t<img loading=\"lazy\" decoding=\"async\" width=\"300\" height=\"221\" src=\"https:\/\/planodesaudebr.com.br\/bradesco-saude\/wp-content\/uploads\/2021\/02\/Meu-Doutor-Novamed-inaugura-novas-unidades-300x221.jpg\" class=\"attachment-medium size-medium wp-post-image\" alt=\"Meu Doutor Novamed inaugura novas unidades\" srcset=\"https:\/\/planodesaudebr.com.br\/bradesco-saude\/wp-content\/uploads\/2021\/02\/Meu-Doutor-Novamed-inaugura-novas-unidades-300x221.jpg 300w, https:\/\/planodesaudebr.com.br\/bradesco-saude\/wp-content\/uploads\/2021\/02\/Meu-Doutor-Novamed-inaugura-novas-unidades-1024x755.jpg 1024w, https:\/\/planodesaudebr.com.br\/bradesco-saude\/wp-content\/uploads\/2021\/02\/Meu-Doutor-Novamed-inaugura-novas-unidades-768x566.jpg 768w, https:\/\/planodesaudebr.com.br\/bradesco-saude\/wp-content\/uploads\/2021\/02\/Meu-Doutor-Novamed-inaugura-novas-unidades-1536x1133.jpg 1536w, https:\/\/planodesaudebr.com.br\/bradesco-saude\/wp-content\/uploads\/2021\/02\/Meu-Doutor-Novamed-inaugura-novas-unidades-2048x1510.jpg 2048w\" sizes=\"auto, (max-width: 300px) 100vw, 300px\" \/>  \t\t\t\t\t\t\t  \t\t\t\t\t\t\t  \t\t\t\t\t\t<\/div>\n  \t\t\t\t\t\t  \t\t\t\t\t<\/div>\n          \t\t\t\t\t<div class=\"box-text text-center\" >\n\t\t\t\t\t<div class=\"box-text-inner blog-post-inner\">\n\n\t\t\t\t\t\n\t\t\t\t\t\t\t\t\t\t<h5 class=\"post-title is-large \">Meu Doutor Novamed inaugura  novas unidades<\/h5>\n\t\t\t\t\t\t\t\t\t\t<div class=\"is-divider\"><\/div>\n\t\t\t\t\t\t\t\t\t\t<p class=\"from_the_blog_excerpt \">Com a expans\u00e3o da rede de cl\u00ednicas de atendimento ao cliente a Bradesco Seguros comemora [...]\t\t\t\t\t<\/p>\n\t\t\t\t\t                    \n\t\t\t\t\t\t\t\t\t\t\t<button href=\"https:\/\/planodesaudebr.com.br\/bradesco-saude\/meu-doutor-novamed-inaugura-novas-unidades\/\" class=\"button  is-outline is-small mb-0\">\n\t\t\t\t\t\t\tSaiba Mais\t\t\t\t\t\t<\/button>\n\t\t\t\t\t\n\t\t\t\t\t\n\t\t\t\t\t<\/div>\n\t\t\t\t\t<\/div>\n\t\t\t\t\t\t\t\t\t\t\t\t\t\t\t\t<div class=\"badge absolute top post-date badge-outline\">\n\t\t\t\t\t\t\t<div class=\"badge-inner\">\n\t\t\t\t\t\t\t\t<span class=\"post-date-day\">02<\/span><br>\n\t\t\t\t\t\t\t\t<span class=\"post-date-month is-xsmall\">fev<\/span>\n\t\t\t\t\t\t\t<\/div>\n\t\t\t\t\t\t<\/div>\n\t\t\t\t\t\t\t\t\t<\/div>\n\t\t\t\t<\/a>\n\t\t\t<\/div>\n\t\t<\/div>\n\t\t<div class=\"col post-item\" >\n\t\t\t<div class=\"col-inner\">\n\t\t\t<a href=\"https:\/\/planodesaudebr.com.br\/bradesco-saude\/reajuste-bradesco-saude-covid-19\/\" class=\"plain\">\n\t\t\t\t<div class=\"box box-default box-text-bottom box-blog-post has-hover\">\n            \t\t\t\t\t<div class=\"box-image\" >\n  \t\t\t\t\t\t<div class=\"image-cover\" style=\"padding-top:56.25%;\">\n  \t\t\t\t\t\t\t<img loading=\"lazy\" decoding=\"async\" width=\"300\" height=\"169\" src=\"https:\/\/planodesaudebr.com.br\/bradesco-saude\/wp-content\/uploads\/2021\/01\/Bradesco-Saude-Reajuste-2020-300x169.jpg\" class=\"attachment-medium size-medium wp-post-image\" alt=\"Bradesco Sa\u00fade Reajuste 2020\" srcset=\"https:\/\/planodesaudebr.com.br\/bradesco-saude\/wp-content\/uploads\/2021\/01\/Bradesco-Saude-Reajuste-2020-300x169.jpg 300w, https:\/\/planodesaudebr.com.br\/bradesco-saude\/wp-content\/uploads\/2021\/01\/Bradesco-Saude-Reajuste-2020-1024x576.jpg 1024w, https:\/\/planodesaudebr.com.br\/bradesco-saude\/wp-content\/uploads\/2021\/01\/Bradesco-Saude-Reajuste-2020-768x432.jpg 768w, https:\/\/planodesaudebr.com.br\/bradesco-saude\/wp-content\/uploads\/2021\/01\/Bradesco-Saude-Reajuste-2020-1536x864.jpg 1536w, https:\/\/planodesaudebr.com.br\/bradesco-saude\/wp-content\/uploads\/2021\/01\/Bradesco-Saude-Reajuste-2020.jpg 1920w\" sizes=\"auto, (max-width: 300px) 100vw, 300px\" \/>  \t\t\t\t\t\t\t  \t\t\t\t\t\t\t  \t\t\t\t\t\t<\/div>\n  \t\t\t\t\t\t  \t\t\t\t\t<\/div>\n          \t\t\t\t\t<div class=\"box-text text-center\" >\n\t\t\t\t\t<div class=\"box-text-inner blog-post-inner\">\n\n\t\t\t\t\t\n\t\t\t\t\t\t\t\t\t\t<h5 class=\"post-title is-large \">Reajuste Bradesco Sa\u00fade &#8211; Covid 19<\/h5>\n\t\t\t\t\t\t\t\t\t\t<div class=\"is-divider\"><\/div>\n\t\t\t\t\t\t\t\t\t\t<p class=\"from_the_blog_excerpt \">Fim da suspens\u00e3o do reajuste 2020 Bradesco Sa\u00fade A Ag\u00eancia Nacional de Sa\u00fade Suplementar (ANS) [...]\t\t\t\t\t<\/p>\n\t\t\t\t\t                    \n\t\t\t\t\t\t\t\t\t\t\t<button href=\"https:\/\/planodesaudebr.com.br\/bradesco-saude\/reajuste-bradesco-saude-covid-19\/\" class=\"button  is-outline is-small mb-0\">\n\t\t\t\t\t\t\tSaiba Mais\t\t\t\t\t\t<\/button>\n\t\t\t\t\t\n\t\t\t\t\t\n\t\t\t\t\t<\/div>\n\t\t\t\t\t<\/div>\n\t\t\t\t\t\t\t\t\t\t\t\t\t\t\t\t<div class=\"badge absolute top post-date badge-outline\">\n\t\t\t\t\t\t\t<div class=\"badge-inner\">\n\t\t\t\t\t\t\t\t<span class=\"post-date-day\">04<\/span><br>\n\t\t\t\t\t\t\t\t<span class=\"post-date-month is-xsmall\">jan<\/span>\n\t\t\t\t\t\t\t<\/div>\n\t\t\t\t\t\t<\/div>\n\t\t\t\t\t\t\t\t\t<\/div>\n\t\t\t\t<\/a>\n\t\t\t<\/div>\n\t\t<\/div>\n\t\t<div class=\"col post-item\" >\n\t\t\t<div class=\"col-inner\">\n\t\t\t<a href=\"https:\/\/planodesaudebr.com.br\/bradesco-saude\/informacoes-sobre-carencia-e-contratacao-bradesco-saude\/\" class=\"plain\">\n\t\t\t\t<div class=\"box box-default box-text-bottom box-blog-post has-hover\">\n            \t\t\t\t\t<div class=\"box-image\" >\n  \t\t\t\t\t\t<div class=\"image-cover\" style=\"padding-top:56.25%;\">\n  \t\t\t\t\t\t\t<img loading=\"lazy\" decoding=\"async\" width=\"300\" height=\"200\" src=\"https:\/\/planodesaudebr.com.br\/bradesco-saude\/wp-content\/uploads\/2020\/12\/Planos-Bradesco-Saude-300x200.jpg\" class=\"attachment-medium size-medium wp-post-image\" alt=\"Planos Bradesco Sa\u00fade\" srcset=\"https:\/\/planodesaudebr.com.br\/bradesco-saude\/wp-content\/uploads\/2020\/12\/Planos-Bradesco-Saude-300x200.jpg 300w, https:\/\/planodesaudebr.com.br\/bradesco-saude\/wp-content\/uploads\/2020\/12\/Planos-Bradesco-Saude-768x512.jpg 768w, https:\/\/planodesaudebr.com.br\/bradesco-saude\/wp-content\/uploads\/2020\/12\/Planos-Bradesco-Saude.jpg 1024w\" sizes=\"auto, (max-width: 300px) 100vw, 300px\" \/>  \t\t\t\t\t\t\t  \t\t\t\t\t\t\t  \t\t\t\t\t\t<\/div>\n  \t\t\t\t\t\t  \t\t\t\t\t<\/div>\n          \t\t\t\t\t<div class=\"box-text text-center\" >\n\t\t\t\t\t<div class=\"box-text-inner blog-post-inner\">\n\n\t\t\t\t\t\n\t\t\t\t\t\t\t\t\t\t<h5 class=\"post-title is-large \">Informa\u00e7\u00f5es Sobre Car\u00eancia e Contrata\u00e7\u00e3o Bradesco Sa\u00fade<\/h5>\n\t\t\t\t\t\t\t\t\t\t<div class=\"is-divider\"><\/div>\n\t\t\t\t\t\t\t\t\t\t<p class=\"from_the_blog_excerpt \">Atendimento diferenciado, conforto e qualidade. A Bradesco Sa\u00fade oferece para seus clientes plano de sa\u00fade [...]\t\t\t\t\t<\/p>\n\t\t\t\t\t                    \n\t\t\t\t\t\t\t\t\t\t\t<button href=\"https:\/\/planodesaudebr.com.br\/bradesco-saude\/informacoes-sobre-carencia-e-contratacao-bradesco-saude\/\" class=\"button  is-outline is-small mb-0\">\n\t\t\t\t\t\t\tSaiba Mais\t\t\t\t\t\t<\/button>\n\t\t\t\t\t\n\t\t\t\t\t\n\t\t\t\t\t<\/div>\n\t\t\t\t\t<\/div>\n\t\t\t\t\t\t\t\t\t\t\t\t\t\t\t\t<div class=\"badge absolute top post-date badge-outline\">\n\t\t\t\t\t\t\t<div class=\"badge-inner\">\n\t\t\t\t\t\t\t\t<span class=\"post-date-day\">17<\/span><br>\n\t\t\t\t\t\t\t\t<span class=\"post-date-month is-xsmall\">dez<\/span>\n\t\t\t\t\t\t\t<\/div>\n\t\t\t\t\t\t<\/div>\n\t\t\t\t\t\t\t\t\t<\/div>\n\t\t\t\t<\/a>\n\t\t\t<\/div>\n\t\t<\/div>\n\t\t<div class=\"col post-item\" >\n\t\t\t<div class=\"col-inner\">\n\t\t\t<a href=\"https:\/\/planodesaudebr.com.br\/bradesco-saude\/portal-do-programa-bradesco-saude\/\" class=\"plain\">\n\t\t\t\t<div class=\"box box-default box-text-bottom box-blog-post has-hover\">\n            \t\t\t\t\t<div class=\"box-image\" >\n  \t\t\t\t\t\t<div class=\"image-cover\" style=\"padding-top:56.25%;\">\n  \t\t\t\t\t\t\t<img loading=\"lazy\" decoding=\"async\" width=\"300\" height=\"139\" src=\"https:\/\/planodesaudebr.com.br\/bradesco-saude\/wp-content\/uploads\/2020\/12\/Bradesco-Saude-apresenta-novo-portal-do-programa-300x139.jpg\" class=\"attachment-medium size-medium wp-post-image\" alt=\"Bradesco Sa\u00fade apresenta novo portal do programa\" srcset=\"https:\/\/planodesaudebr.com.br\/bradesco-saude\/wp-content\/uploads\/2020\/12\/Bradesco-Saude-apresenta-novo-portal-do-programa-300x139.jpg 300w, https:\/\/planodesaudebr.com.br\/bradesco-saude\/wp-content\/uploads\/2020\/12\/Bradesco-Saude-apresenta-novo-portal-do-programa-1024x475.jpg 1024w, https:\/\/planodesaudebr.com.br\/bradesco-saude\/wp-content\/uploads\/2020\/12\/Bradesco-Saude-apresenta-novo-portal-do-programa-768x357.jpg 768w, https:\/\/planodesaudebr.com.br\/bradesco-saude\/wp-content\/uploads\/2020\/12\/Bradesco-Saude-apresenta-novo-portal-do-programa.jpg 1400w\" sizes=\"auto, (max-width: 300px) 100vw, 300px\" \/>  \t\t\t\t\t\t\t  \t\t\t\t\t\t\t  \t\t\t\t\t\t<\/div>\n  \t\t\t\t\t\t  \t\t\t\t\t<\/div>\n          \t\t\t\t\t<div class=\"box-text text-center\" >\n\t\t\t\t\t<div class=\"box-text-inner blog-post-inner\">\n\n\t\t\t\t\t\n\t\t\t\t\t\t\t\t\t\t<h5 class=\"post-title is-large \">Portal do Programa Bradesco Sa\u00fade<\/h5>\n\t\t\t\t\t\t\t\t\t\t<div class=\"is-divider\"><\/div>\n\t\t\t\t\t\t\t\t\t\t<p class=\"from_the_blog_excerpt \">Novo Portal do Programa Bradesco Sa\u00fade L\u00edder do mercado de sa\u00fade suplementar no Pa\u00eds, o [...]\t\t\t\t\t<\/p>\n\t\t\t\t\t                    \n\t\t\t\t\t\t\t\t\t\t\t<button href=\"https:\/\/planodesaudebr.com.br\/bradesco-saude\/portal-do-programa-bradesco-saude\/\" class=\"button  is-outline is-small mb-0\">\n\t\t\t\t\t\t\tSaiba Mais\t\t\t\t\t\t<\/button>\n\t\t\t\t\t\n\t\t\t\t\t\n\t\t\t\t\t<\/div>\n\t\t\t\t\t<\/div>\n\t\t\t\t\t\t\t\t\t\t\t\t\t\t\t\t<div class=\"badge absolute top post-date badge-outline\">\n\t\t\t\t\t\t\t<div class=\"badge-inner\">\n\t\t\t\t\t\t\t\t<span class=\"post-date-day\">16<\/span><br>\n\t\t\t\t\t\t\t\t<span class=\"post-date-month is-xsmall\">dez<\/span>\n\t\t\t\t\t\t\t<\/div>\n\t\t\t\t\t\t<\/div>\n\t\t\t\t\t\t\t\t\t<\/div>\n\t\t\t\t<\/a>\n\t\t\t<\/div>\n\t\t<\/div>\n\t\t<div class=\"col post-item\" >\n\t\t\t<div class=\"col-inner\">\n\t\t\t<a href=\"https:\/\/planodesaudebr.com.br\/bradesco-saude\/bradesco-seguros-estao-no-ranking-do-premio-estadao-empresas-mais-pela-1a-vez\/\" class=\"plain\">\n\t\t\t\t<div class=\"box box-default box-text-bottom box-blog-post has-hover\">\n            \t\t\t\t\t<div class=\"box-image\" >\n  \t\t\t\t\t\t<div class=\"image-cover\" style=\"padding-top:56.25%;\">\n  \t\t\t\t\t\t\t<img loading=\"lazy\" decoding=\"async\" width=\"300\" height=\"139\" src=\"https:\/\/planodesaudebr.com.br\/bradesco-saude\/wp-content\/uploads\/2020\/12\/Premio-Estadao-300x139.jpg\" class=\"attachment-medium size-medium wp-post-image\" alt=\"Premio Estad\u00e3o\" srcset=\"https:\/\/planodesaudebr.com.br\/bradesco-saude\/wp-content\/uploads\/2020\/12\/Premio-Estadao-300x139.jpg 300w, https:\/\/planodesaudebr.com.br\/bradesco-saude\/wp-content\/uploads\/2020\/12\/Premio-Estadao-1024x475.jpg 1024w, https:\/\/planodesaudebr.com.br\/bradesco-saude\/wp-content\/uploads\/2020\/12\/Premio-Estadao-768x357.jpg 768w, https:\/\/planodesaudebr.com.br\/bradesco-saude\/wp-content\/uploads\/2020\/12\/Premio-Estadao.jpg 1400w\" sizes=\"auto, (max-width: 300px) 100vw, 300px\" \/>  \t\t\t\t\t\t\t  \t\t\t\t\t\t\t  \t\t\t\t\t\t<\/div>\n  \t\t\t\t\t\t  \t\t\t\t\t<\/div>\n          \t\t\t\t\t<div class=\"box-text text-center\" >\n\t\t\t\t\t<div class=\"box-text-inner blog-post-inner\">\n\n\t\t\t\t\t\n\t\t\t\t\t\t\t\t\t\t<h5 class=\"post-title is-large \">Bradesco Seguros est\u00e3o no ranking do pr\u00eamio Estad\u00e3o Empresas Mais pela 1\u00aa vez<\/h5>\n\t\t\t\t\t\t\t\t\t\t<div class=\"is-divider\"><\/div>\n\t\t\t\t\t\t\t\t\t\t<p class=\"from_the_blog_excerpt \">Pela oitava vez consecutiva, a Bradesco Sa\u00fade recebeu o pr\u00eamio Top of Mind Estad\u00e3o de [...]\t\t\t\t\t<\/p>\n\t\t\t\t\t                    \n\t\t\t\t\t\t\t\t\t\t\t<button href=\"https:\/\/planodesaudebr.com.br\/bradesco-saude\/bradesco-seguros-estao-no-ranking-do-premio-estadao-empresas-mais-pela-1a-vez\/\" class=\"button  is-outline is-small mb-0\">\n\t\t\t\t\t\t\tSaiba Mais\t\t\t\t\t\t<\/button>\n\t\t\t\t\t\n\t\t\t\t\t\n\t\t\t\t\t<\/div>\n\t\t\t\t\t<\/div>\n\t\t\t\t\t\t\t\t\t\t\t\t\t\t\t\t<div class=\"badge absolute top post-date badge-outline\">\n\t\t\t\t\t\t\t<div class=\"badge-inner\">\n\t\t\t\t\t\t\t\t<span class=\"post-date-day\">16<\/span><br>\n\t\t\t\t\t\t\t\t<span class=\"post-date-month is-xsmall\">dez<\/span>\n\t\t\t\t\t\t\t<\/div>\n\t\t\t\t\t\t<\/div>\n\t\t\t\t\t\t\t\t\t<\/div>\n\t\t\t\t<\/a>\n\t\t\t<\/div>\n\t\t<\/div>\n\t\t<div class=\"col post-item\" >\n\t\t\t<div class=\"col-inner\">\n\t\t\t<a href=\"https:\/\/planodesaudebr.com.br\/bradesco-saude\/hospital-einstein-bradesco-saude\/\" class=\"plain\">\n\t\t\t\t<div class=\"box box-default box-text-bottom box-blog-post has-hover\">\n            \t\t\t\t\t<div class=\"box-image\" >\n  \t\t\t\t\t\t<div class=\"image-cover\" style=\"padding-top:56.25%;\">\n  \t\t\t\t\t\t\t<img loading=\"lazy\" decoding=\"async\" width=\"300\" height=\"199\" src=\"https:\/\/planodesaudebr.com.br\/bradesco-saude\/wp-content\/uploads\/2020\/12\/hospital-Einstein-300x199.jpg\" class=\"attachment-medium size-medium wp-post-image\" alt=\"hospital Einstein\" srcset=\"https:\/\/planodesaudebr.com.br\/bradesco-saude\/wp-content\/uploads\/2020\/12\/hospital-Einstein-300x199.jpg 300w, https:\/\/planodesaudebr.com.br\/bradesco-saude\/wp-content\/uploads\/2020\/12\/hospital-Einstein-768x509.jpg 768w, https:\/\/planodesaudebr.com.br\/bradesco-saude\/wp-content\/uploads\/2020\/12\/hospital-Einstein.jpg 960w\" sizes=\"auto, (max-width: 300px) 100vw, 300px\" \/>  \t\t\t\t\t\t\t  \t\t\t\t\t\t\t  \t\t\t\t\t\t<\/div>\n  \t\t\t\t\t\t  \t\t\t\t\t<\/div>\n          \t\t\t\t\t<div class=\"box-text text-center\" >\n\t\t\t\t\t<div class=\"box-text-inner blog-post-inner\">\n\n\t\t\t\t\t\n\t\t\t\t\t\t\t\t\t\t<h5 class=\"post-title is-large \">Hospital Einstein Bradesco Sa\u00fade<\/h5>\n\t\t\t\t\t\t\t\t\t\t<div class=\"is-divider\"><\/div>\n\t\t\t\t\t\t\t\t\t\t<p class=\"from_the_blog_excerpt \">Einstein, Bradesco Sa\u00fade firmam parceria e amplia atendimento aos pacientes por meio do Programa Meu [...]\t\t\t\t\t<\/p>\n\t\t\t\t\t                    \n\t\t\t\t\t\t\t\t\t\t\t<button href=\"https:\/\/planodesaudebr.com.br\/bradesco-saude\/hospital-einstein-bradesco-saude\/\" class=\"button  is-outline is-small mb-0\">\n\t\t\t\t\t\t\tSaiba Mais\t\t\t\t\t\t<\/button>\n\t\t\t\t\t\n\t\t\t\t\t\n\t\t\t\t\t<\/div>\n\t\t\t\t\t<\/div>\n\t\t\t\t\t\t\t\t\t\t\t\t\t\t\t\t<div class=\"badge absolute top post-date badge-outline\">\n\t\t\t\t\t\t\t<div class=\"badge-inner\">\n\t\t\t\t\t\t\t\t<span class=\"post-date-day\">01<\/span><br>\n\t\t\t\t\t\t\t\t<span class=\"post-date-month is-xsmall\">dez<\/span>\n\t\t\t\t\t\t\t<\/div>\n\t\t\t\t\t\t<\/div>\n\t\t\t\t\t\t\t\t\t<\/div>\n\t\t\t\t<\/a>\n\t\t\t<\/div>\n\t\t<\/div>\n\t\t<div class=\"col post-item\" >\n\t\t\t<div class=\"col-inner\">\n\t\t\t<a href=\"https:\/\/planodesaudebr.com.br\/bradesco-saude\/bradesco-saude-lanca-videos-com-dicas-de-saude\/\" class=\"plain\">\n\t\t\t\t<div class=\"box box-default box-text-bottom box-blog-post has-hover\">\n            \t\t\t\t\t<div class=\"box-image\" >\n  \t\t\t\t\t\t<div class=\"image-cover\" style=\"padding-top:56.25%;\">\n  \t\t\t\t\t\t\t<img loading=\"lazy\" decoding=\"async\" width=\"300\" height=\"122\" src=\"https:\/\/planodesaudebr.com.br\/bradesco-saude\/wp-content\/uploads\/2020\/09\/Bradesco-Sa\u00fade-lan\u00e7a-v\u00eddeos-300x122.jpg\" class=\"attachment-medium size-medium wp-post-image\" alt=\"Bradesco Sa\u00fade lan\u00e7a v\u00eddeos\" srcset=\"https:\/\/planodesaudebr.com.br\/bradesco-saude\/wp-content\/uploads\/2020\/09\/Bradesco-Sa\u00fade-lan\u00e7a-v\u00eddeos-300x122.jpg 300w, https:\/\/planodesaudebr.com.br\/bradesco-saude\/wp-content\/uploads\/2020\/09\/Bradesco-Sa\u00fade-lan\u00e7a-v\u00eddeos-768x312.jpg 768w, https:\/\/planodesaudebr.com.br\/bradesco-saude\/wp-content\/uploads\/2020\/09\/Bradesco-Sa\u00fade-lan\u00e7a-v\u00eddeos.jpg 771w\" sizes=\"auto, (max-width: 300px) 100vw, 300px\" \/>  \t\t\t\t\t\t\t  \t\t\t\t\t\t\t  \t\t\t\t\t\t<\/div>\n  \t\t\t\t\t\t  \t\t\t\t\t<\/div>\n          \t\t\t\t\t<div class=\"box-text text-center\" >\n\t\t\t\t\t<div class=\"box-text-inner blog-post-inner\">\n\n\t\t\t\t\t\n\t\t\t\t\t\t\t\t\t\t<h5 class=\"post-title is-large \">Bradesco Sa\u00fade lan\u00e7a v\u00eddeos com dicas de sa\u00fade<\/h5>\n\t\t\t\t\t\t\t\t\t\t<div class=\"is-divider\"><\/div>\n\t\t\t\t\t\t\t\t\t\t<p class=\"from_the_blog_excerpt \">S\u00e9rie de v\u00eddeos est\u00e1 dispon\u00edvel no canal YouTube da Bradesco Seguros e foi produzida para [...]\t\t\t\t\t<\/p>\n\t\t\t\t\t                    \n\t\t\t\t\t\t\t\t\t\t\t<button href=\"https:\/\/planodesaudebr.com.br\/bradesco-saude\/bradesco-saude-lanca-videos-com-dicas-de-saude\/\" class=\"button  is-outline is-small mb-0\">\n\t\t\t\t\t\t\tSaiba Mais\t\t\t\t\t\t<\/button>\n\t\t\t\t\t\n\t\t\t\t\t\n\t\t\t\t\t<\/div>\n\t\t\t\t\t<\/div>\n\t\t\t\t\t\t\t\t\t\t\t\t\t\t\t\t<div class=\"badge absolute top post-date badge-outline\">\n\t\t\t\t\t\t\t<div class=\"badge-inner\">\n\t\t\t\t\t\t\t\t<span class=\"post-date-day\">30<\/span><br>\n\t\t\t\t\t\t\t\t<span class=\"post-date-month is-xsmall\">set<\/span>\n\t\t\t\t\t\t\t<\/div>\n\t\t\t\t\t\t<\/div>\n\t\t\t\t\t\t\t\t\t<\/div>\n\t\t\t\t<\/a>\n\t\t\t<\/div>\n\t\t<\/div>\n\t\t<div class=\"col post-item\" >\n\t\t\t<div class=\"col-inner\">\n\t\t\t<a href=\"https:\/\/planodesaudebr.com.br\/bradesco-saude\/promocao-bradesco-saude-03-a-13-de-setembro\/\" class=\"plain\">\n\t\t\t\t<div class=\"box box-default box-text-bottom box-blog-post has-hover\">\n            \t\t\t\t\t<div class=\"box-image\" >\n  \t\t\t\t\t\t<div class=\"image-cover\" style=\"padding-top:56.25%;\">\n  \t\t\t\t\t\t\t<img loading=\"lazy\" decoding=\"async\" width=\"300\" height=\"161\" src=\"https:\/\/planodesaudebr.com.br\/bradesco-saude\/wp-content\/uploads\/2020\/05\/Plano-de-Sa\u00fade-Empresarial-300x161.jpg\" class=\"attachment-medium size-medium wp-post-image\" alt=\"Plano de Sa\u00fade Empresarial\" srcset=\"https:\/\/planodesaudebr.com.br\/bradesco-saude\/wp-content\/uploads\/2020\/05\/Plano-de-Sa\u00fade-Empresarial-300x161.jpg 300w, https:\/\/planodesaudebr.com.br\/bradesco-saude\/wp-content\/uploads\/2020\/05\/Plano-de-Sa\u00fade-Empresarial-768x411.jpg 768w, https:\/\/planodesaudebr.com.br\/bradesco-saude\/wp-content\/uploads\/2020\/05\/Plano-de-Sa\u00fade-Empresarial.jpg 1024w\" sizes=\"auto, (max-width: 300px) 100vw, 300px\" \/>  \t\t\t\t\t\t\t  \t\t\t\t\t\t\t  \t\t\t\t\t\t<\/div>\n  \t\t\t\t\t\t  \t\t\t\t\t<\/div>\n          \t\t\t\t\t<div class=\"box-text text-center\" >\n\t\t\t\t\t<div class=\"box-text-inner blog-post-inner\">\n\n\t\t\t\t\t\n\t\t\t\t\t\t\t\t\t\t<h5 class=\"post-title is-large \">Promo\u00e7\u00e3o Bradesco Sa\u00fade 03 a 13 de Setembro 2020<\/h5>\n\t\t\t\t\t\t\t\t\t\t<div class=\"is-divider\"><\/div>\n\t\t\t\t\t\t\t\t\t\t<p class=\"from_the_blog_excerpt \">Promo\u00e7\u00e3o Bradesco Sa\u00fade 03 a 13 de Setembro Saiba o valor do plano de Sa\u00fade [...]\t\t\t\t\t<\/p>\n\t\t\t\t\t                    \n\t\t\t\t\t\t\t\t\t\t\t<button href=\"https:\/\/planodesaudebr.com.br\/bradesco-saude\/promocao-bradesco-saude-03-a-13-de-setembro\/\" class=\"button  is-outline is-small mb-0\">\n\t\t\t\t\t\t\tSaiba Mais\t\t\t\t\t\t<\/button>\n\t\t\t\t\t\n\t\t\t\t\t\n\t\t\t\t\t<\/div>\n\t\t\t\t\t<\/div>\n\t\t\t\t\t\t\t\t\t\t\t\t\t\t\t\t<div class=\"badge absolute top post-date badge-outline\">\n\t\t\t\t\t\t\t<div class=\"badge-inner\">\n\t\t\t\t\t\t\t\t<span class=\"post-date-day\">03<\/span><br>\n\t\t\t\t\t\t\t\t<span class=\"post-date-month is-xsmall\">set<\/span>\n\t\t\t\t\t\t\t<\/div>\n\t\t\t\t\t\t<\/div>\n\t\t\t\t\t\t\t\t\t<\/div>\n\t\t\t\t<\/a>\n\t\t\t<\/div>\n\t\t<\/div>\n\t\t<div class=\"col post-item\" >\n\t\t\t<div class=\"col-inner\">\n\t\t\t<a href=\"https:\/\/planodesaudebr.com.br\/bradesco-saude\/bradesco-saude-digital\/\" class=\"plain\">\n\t\t\t\t<div class=\"box box-default box-text-bottom box-blog-post has-hover\">\n            \t\t\t\t\t<div class=\"box-image\" >\n  \t\t\t\t\t\t<div class=\"image-cover\" style=\"padding-top:56.25%;\">\n  \t\t\t\t\t\t\t<img loading=\"lazy\" decoding=\"async\" width=\"300\" height=\"146\" src=\"https:\/\/planodesaudebr.com.br\/bradesco-saude\/wp-content\/uploads\/2020\/07\/Bradesco-Sa\u00fade-digital-300x146.jpg\" class=\"attachment-medium size-medium wp-post-image\" alt=\"Bradesco Sa\u00fade digital\" srcset=\"https:\/\/planodesaudebr.com.br\/bradesco-saude\/wp-content\/uploads\/2020\/07\/Bradesco-Sa\u00fade-digital-300x146.jpg 300w, https:\/\/planodesaudebr.com.br\/bradesco-saude\/wp-content\/uploads\/2020\/07\/Bradesco-Sa\u00fade-digital.jpg 512w\" sizes=\"auto, (max-width: 300px) 100vw, 300px\" \/>  \t\t\t\t\t\t\t  \t\t\t\t\t\t\t  \t\t\t\t\t\t<\/div>\n  \t\t\t\t\t\t  \t\t\t\t\t<\/div>\n          \t\t\t\t\t<div class=\"box-text text-center\" >\n\t\t\t\t\t<div class=\"box-text-inner blog-post-inner\">\n\n\t\t\t\t\t\n\t\t\t\t\t\t\t\t\t\t<h5 class=\"post-title is-large \">Bradesco Sa\u00fade Digital<\/h5>\n\t\t\t\t\t\t\t\t\t\t<div class=\"is-divider\"><\/div>\n\t\t\t\t\t\t\t\t\t\t<p class=\"from_the_blog_excerpt \">Bradesco Sa\u00fade Digital Coronav\u00edrus Para tirar d\u00favidas e falar com profissionais de sa\u00fade dedicados exclusivamente [...]\t\t\t\t\t<\/p>\n\t\t\t\t\t                    \n\t\t\t\t\t\t\t\t\t\t\t<button href=\"https:\/\/planodesaudebr.com.br\/bradesco-saude\/bradesco-saude-digital\/\" class=\"button  is-outline is-small mb-0\">\n\t\t\t\t\t\t\tSaiba Mais\t\t\t\t\t\t<\/button>\n\t\t\t\t\t\n\t\t\t\t\t\n\t\t\t\t\t<\/div>\n\t\t\t\t\t<\/div>\n\t\t\t\t\t\t\t\t\t\t\t\t\t\t\t\t<div class=\"badge absolute top post-date badge-outline\">\n\t\t\t\t\t\t\t<div class=\"badge-inner\">\n\t\t\t\t\t\t\t\t<span class=\"post-date-day\">13<\/span><br>\n\t\t\t\t\t\t\t\t<span class=\"post-date-month is-xsmall\">jul<\/span>\n\t\t\t\t\t\t\t<\/div>\n\t\t\t\t\t\t<\/div>\n\t\t\t\t\t\t\t\t\t<\/div>\n\t\t\t\t<\/a>\n\t\t\t<\/div>\n\t\t<\/div>\n\t\t<div class=\"col post-item\" >\n\t\t\t<div class=\"col-inner\">\n\t\t\t<a href=\"https:\/\/planodesaudebr.com.br\/bradesco-saude\/cartilha-coronavirus\/\" class=\"plain\">\n\t\t\t\t<div class=\"box box-default box-text-bottom box-blog-post has-hover\">\n            \t\t\t\t\t<div class=\"box-image\" >\n  \t\t\t\t\t\t<div class=\"image-cover\" style=\"padding-top:56.25%;\">\n  \t\t\t\t\t\t\t<img loading=\"lazy\" decoding=\"async\" width=\"300\" height=\"167\" src=\"https:\/\/planodesaudebr.com.br\/bradesco-saude\/wp-content\/uploads\/2020\/02\/Cartilha-sobre-Coronav\u00edrus-300x167.jpg\" class=\"attachment-medium size-medium wp-post-image\" alt=\"Cartilha Coronav\u00edrus\" srcset=\"https:\/\/planodesaudebr.com.br\/bradesco-saude\/wp-content\/uploads\/2020\/02\/Cartilha-sobre-Coronav\u00edrus-300x167.jpg 300w, https:\/\/planodesaudebr.com.br\/bradesco-saude\/wp-content\/uploads\/2020\/02\/Cartilha-sobre-Coronav\u00edrus-768x428.jpg 768w, https:\/\/planodesaudebr.com.br\/bradesco-saude\/wp-content\/uploads\/2020\/02\/Cartilha-sobre-Coronav\u00edrus.jpg 800w\" sizes=\"auto, (max-width: 300px) 100vw, 300px\" \/>  \t\t\t\t\t\t\t  \t\t\t\t\t\t\t  \t\t\t\t\t\t<\/div>\n  \t\t\t\t\t\t  \t\t\t\t\t<\/div>\n          \t\t\t\t\t<div class=\"box-text text-center\" >\n\t\t\t\t\t<div class=\"box-text-inner blog-post-inner\">\n\n\t\t\t\t\t\n\t\t\t\t\t\t\t\t\t\t<h5 class=\"post-title is-large \">Cartilha Coronav\u00edrus<\/h5>\n\t\t\t\t\t\t\t\t\t\t<div class=\"is-divider\"><\/div>\n\t\t\t\t\t\t\t\t\t\t<p class=\"from_the_blog_excerpt \">O que \u00e9 Coronav\u00edrus \u00c9 uma grande fam\u00edlia de v\u00edrus que recebeu esse nome por [...]\t\t\t\t\t<\/p>\n\t\t\t\t\t                    \n\t\t\t\t\t\t\t\t\t\t\t<button href=\"https:\/\/planodesaudebr.com.br\/bradesco-saude\/cartilha-coronavirus\/\" class=\"button  is-outline is-small mb-0\">\n\t\t\t\t\t\t\tSaiba Mais\t\t\t\t\t\t<\/button>\n\t\t\t\t\t\n\t\t\t\t\t\n\t\t\t\t\t<\/div>\n\t\t\t\t\t<\/div>\n\t\t\t\t\t\t\t\t\t\t\t\t\t\t\t\t<div class=\"badge absolute top post-date badge-outline\">\n\t\t\t\t\t\t\t<div class=\"badge-inner\">\n\t\t\t\t\t\t\t\t<span class=\"post-date-day\">05<\/span><br>\n\t\t\t\t\t\t\t\t<span class=\"post-date-month is-xsmall\">fev<\/span>\n\t\t\t\t\t\t\t<\/div>\n\t\t\t\t\t\t<\/div>\n\t\t\t\t\t\t\t\t\t<\/div>\n\t\t\t\t<\/a>\n\t\t\t<\/div>\n\t\t<\/div>\n<\/div>\n\t\t<\/div>\n\t\t\t<\/div>\n\n\t\n<\/div>\n","protected":false},"excerpt":{"rendered":"","protected":false},"author":1,"featured_media":0,"parent":131,"menu_order":0,"comment_status":"closed","ping_status":"closed","template":"page-blank.php","meta":{"footnotes":""},"class_list":["post-1246","page","type-page","status-publish","hentry"],"yoast_head":"<!-- This site is optimized with the Yoast SEO plugin v24.6 - https:\/\/yoast.com\/wordpress\/plugins\/seo\/ -->\n<title>Bradesco Sa\u00fade Belo Horizonte com At\u00e9 50% Desconto<\/title>\n<meta name=\"robots\" content=\"index, follow, max-snippet:-1, max-image-preview:large, max-video-preview:-1\" \/>\n<link rel=\"canonical\" href=\"https:\/\/planodesaudebr.com.br\/bradesco-saude\/bradesco-saude\/bradesco-saude-belo-horizonte\/\" \/>\n<meta property=\"og:locale\" content=\"pt_BR\" \/>\n<meta property=\"og:type\" content=\"article\" \/>\n<meta property=\"og:title\" content=\"Bradesco Sa\u00fade Belo Horizonte com At\u00e9 50% Desconto\" \/>\n<meta property=\"og:url\" content=\"https:\/\/planodesaudebr.com.br\/bradesco-saude\/bradesco-saude\/bradesco-saude-belo-horizonte\/\" \/>\n<meta property=\"article:modified_time\" content=\"2020-02-12T15:10:05+00:00\" \/>\n<meta name=\"twitter:card\" content=\"summary_large_image\" \/>\n<meta name=\"twitter:label1\" content=\"Est. tempo de leitura\" \/>\n\t<meta name=\"twitter:data1\" content=\"21 minutos\" \/>\n<script type=\"application\/ld+json\" class=\"yoast-schema-graph\">{\"@context\":\"https:\/\/schema.org\",\"@graph\":[{\"@type\":\"WebPage\",\"@id\":\"https:\/\/planodesaudebr.com.br\/bradesco-saude\/bradesco-saude\/bradesco-saude-belo-horizonte\/\",\"url\":\"https:\/\/planodesaudebr.com.br\/bradesco-saude\/bradesco-saude\/bradesco-saude-belo-horizonte\/\",\"name\":\"Bradesco Sa\u00fade Belo Horizonte com At\u00e9 50% Desconto\",\"isPartOf\":{\"@id\":\"https:\/\/planodesaudebr.com.br\/bradesco-saude\/#website\"},\"datePublished\":\"2018-06-20T16:54:53+00:00\",\"dateModified\":\"2020-02-12T15:10:05+00:00\",\"breadcrumb\":{\"@id\":\"https:\/\/planodesaudebr.com.br\/bradesco-saude\/bradesco-saude\/bradesco-saude-belo-horizonte\/#breadcrumb\"},\"inLanguage\":\"pt-BR\",\"potentialAction\":[{\"@type\":\"ReadAction\",\"target\":[\"https:\/\/planodesaudebr.com.br\/bradesco-saude\/bradesco-saude\/bradesco-saude-belo-horizonte\/\"]}]},{\"@type\":\"BreadcrumbList\",\"@id\":\"https:\/\/planodesaudebr.com.br\/bradesco-saude\/bradesco-saude\/bradesco-saude-belo-horizonte\/#breadcrumb\",\"itemListElement\":[{\"@type\":\"ListItem\",\"position\":1,\"name\":\"In\u00edcio\",\"item\":\"https:\/\/planodesaudebr.com.br\/bradesco-saude\/\"},{\"@type\":\"ListItem\",\"position\":2,\"name\":\"Bradesco Sa\u00fade\",\"item\":\"https:\/\/planodesaudebr.com.br\/bradesco-saude\/bradesco-saude\/\"},{\"@type\":\"ListItem\",\"position\":3,\"name\":\"Bradesco Sa\u00fade Belo Horizonte\"}]},{\"@type\":\"WebSite\",\"@id\":\"https:\/\/planodesaudebr.com.br\/bradesco-saude\/#website\",\"url\":\"https:\/\/planodesaudebr.com.br\/bradesco-saude\/\",\"name\":\"\",\"description\":\"Plano com 50% Desconto\",\"potentialAction\":[{\"@type\":\"SearchAction\",\"target\":{\"@type\":\"EntryPoint\",\"urlTemplate\":\"https:\/\/planodesaudebr.com.br\/bradesco-saude\/?s={search_term_string}\"},\"query-input\":{\"@type\":\"PropertyValueSpecification\",\"valueRequired\":true,\"valueName\":\"search_term_string\"}}],\"inLanguage\":\"pt-BR\"}]}<\/script>\n<!-- \/ Yoast SEO plugin. -->","yoast_head_json":{"title":"Bradesco Sa\u00fade Belo Horizonte com At\u00e9 50% Desconto","robots":{"index":"index","follow":"follow","max-snippet":"max-snippet:-1","max-image-preview":"max-image-preview:large","max-video-preview":"max-video-preview:-1"},"canonical":"https:\/\/planodesaudebr.com.br\/bradesco-saude\/bradesco-saude\/bradesco-saude-belo-horizonte\/","og_locale":"pt_BR","og_type":"article","og_title":"Bradesco Sa\u00fade Belo Horizonte com At\u00e9 50% Desconto","og_url":"https:\/\/planodesaudebr.com.br\/bradesco-saude\/bradesco-saude\/bradesco-saude-belo-horizonte\/","article_modified_time":"2020-02-12T15:10:05+00:00","twitter_card":"summary_large_image","twitter_misc":{"Est. tempo de leitura":"21 minutos"},"schema":{"@context":"https:\/\/schema.org","@graph":[{"@type":"WebPage","@id":"https:\/\/planodesaudebr.com.br\/bradesco-saude\/bradesco-saude\/bradesco-saude-belo-horizonte\/","url":"https:\/\/planodesaudebr.com.br\/bradesco-saude\/bradesco-saude\/bradesco-saude-belo-horizonte\/","name":"Bradesco Sa\u00fade Belo Horizonte com At\u00e9 50% Desconto","isPartOf":{"@id":"https:\/\/planodesaudebr.com.br\/bradesco-saude\/#website"},"datePublished":"2018-06-20T16:54:53+00:00","dateModified":"2020-02-12T15:10:05+00:00","breadcrumb":{"@id":"https:\/\/planodesaudebr.com.br\/bradesco-saude\/bradesco-saude\/bradesco-saude-belo-horizonte\/#breadcrumb"},"inLanguage":"pt-BR","potentialAction":[{"@type":"ReadAction","target":["https:\/\/planodesaudebr.com.br\/bradesco-saude\/bradesco-saude\/bradesco-saude-belo-horizonte\/"]}]},{"@type":"BreadcrumbList","@id":"https:\/\/planodesaudebr.com.br\/bradesco-saude\/bradesco-saude\/bradesco-saude-belo-horizonte\/#breadcrumb","itemListElement":[{"@type":"ListItem","position":1,"name":"In\u00edcio","item":"https:\/\/planodesaudebr.com.br\/bradesco-saude\/"},{"@type":"ListItem","position":2,"name":"Bradesco Sa\u00fade","item":"https:\/\/planodesaudebr.com.br\/bradesco-saude\/bradesco-saude\/"},{"@type":"ListItem","position":3,"name":"Bradesco Sa\u00fade Belo Horizonte"}]},{"@type":"WebSite","@id":"https:\/\/planodesaudebr.com.br\/bradesco-saude\/#website","url":"https:\/\/planodesaudebr.com.br\/bradesco-saude\/","name":"","description":"Plano com 50% Desconto","potentialAction":[{"@type":"SearchAction","target":{"@type":"EntryPoint","urlTemplate":"https:\/\/planodesaudebr.com.br\/bradesco-saude\/?s={search_term_string}"},"query-input":{"@type":"PropertyValueSpecification","valueRequired":true,"valueName":"search_term_string"}}],"inLanguage":"pt-BR"}]}},"_links":{"self":[{"href":"https:\/\/planodesaudebr.com.br\/bradesco-saude\/wp-json\/wp\/v2\/pages\/1246","targetHints":{"allow":["GET"]}}],"collection":[{"href":"https:\/\/planodesaudebr.com.br\/bradesco-saude\/wp-json\/wp\/v2\/pages"}],"about":[{"href":"https:\/\/planodesaudebr.com.br\/bradesco-saude\/wp-json\/wp\/v2\/types\/page"}],"author":[{"embeddable":true,"href":"https:\/\/planodesaudebr.com.br\/bradesco-saude\/wp-json\/wp\/v2\/users\/1"}],"replies":[{"embeddable":true,"href":"https:\/\/planodesaudebr.com.br\/bradesco-saude\/wp-json\/wp\/v2\/comments?post=1246"}],"version-history":[{"count":24,"href":"https:\/\/planodesaudebr.com.br\/bradesco-saude\/wp-json\/wp\/v2\/pages\/1246\/revisions"}],"predecessor-version":[{"id":6905,"href":"https:\/\/planodesaudebr.com.br\/bradesco-saude\/wp-json\/wp\/v2\/pages\/1246\/revisions\/6905"}],"up":[{"embeddable":true,"href":"https:\/\/planodesaudebr.com.br\/bradesco-saude\/wp-json\/wp\/v2\/pages\/131"}],"wp:attachment":[{"href":"https:\/\/planodesaudebr.com.br\/bradesco-saude\/wp-json\/wp\/v2\/media?parent=1246"}],"curies":[{"name":"wp","href":"https:\/\/api.w.org\/{rel}","templated":true}]}}